{"id":296,"date":"2016-03-31T00:07:04","date_gmt":"2016-03-30T23:07:04","guid":{"rendered":"http:\/\/www.mihaivasile.com\/ro\/?page_id=296"},"modified":"2017-09-25T19:44:16","modified_gmt":"2017-09-25T18:44:16","slug":"fotojurnalismul-in-romania-tranzitia-spre-digital-si-criza-economica","status":"publish","type":"page","link":"https:\/\/www.mihaivasile.com\/ro\/fotojurnalismul-in-romania-tranzitia-spre-digital-si-criza-economica\/","title":{"rendered":"Fotojurnalismul \u00een Rom\u00e2nia"},"content":{"rendered":"<h2 class=\"h2-home\">Tranzi\u021bia spre digital \u0219i criza economic\u0103<\/h2>\n<p><em><strong>Alexandra BARDAN<\/strong>,<br \/>\nFacultatea de Jurnalism \u015fi \u015etiin\u0163ele Comunic\u0103rii, Universitatea Bucure\u015fti.<\/em><\/p>\n<div class=\"aliniere-text\">\n<strong><em>&#45; Ast\u0103zi vom vorbi despre dou\u0103 momente care au marcat parcursul t\u0103u profesional: introducerea digitalului, la \u00eenceputul anilor 2000, al doilea moment fiind, recesiunea, criza economic\u0103, \u00eencep\u00e2nd cu 2008-2009.<\/em><\/strong><\/p>\n<p>\u00cen Rom\u00e2nia, tranzi\u021bia spre digital a fost relativ tardiv\u0103, orice nou\u0103 tehnologie ajung\u00e2nd mai t\u00e2rziu la noi. \u00cenainte de introducerea digitalului, ne informam numai de pe net sau de la televizor, primele digitale fiind ni\u0219te aparate mici, ca de vacan\u021b\u0103, cu dischet\u0103. Memoria dischetei era de 1.3 MB cred, rezolu\u021biile erau, deci, derizorii.<\/p>\n<p><strong><em>&#45; Dischet\u0103 floppy?<\/em><\/strong><\/p>\n<p>Floppy, da. A\u0219a au ap\u0103rut primele aparate digitale \u00een Rom\u00e2nia. A reprezentat, indiscutabil, o performan\u021b\u0103 tehnologic\u0103, dar, mai ales, comercial\u0103. Dischetele fiind ieftine amatorii cump\u0103rau, rezolu\u021biile erau \u00eens\u0103 mici. Pentru amatori era pl\u0103cut.<\/p>\n<p>\u00cen primul r\u00e2nd, filmul presupune o multitudine de aspecte: bani, cuno\u0219tin\u021be \u00een privin\u021ba alegerii filmului, deci un pic de experien\u021b\u0103, \u0219i r\u0103bdare. \u00centre momentul c\u00e2nd faci fotografiile \u0219i p\u00e2n\u0103 developezi, plus rat\u0103rile inerente, trebuie s\u0103 te \u00eenarmezi cu rabdare. Iar rat\u0103rile, \u00een cele din urm\u0103, se dovedesc benefice! Lucrul pe film era ca o magie&#8230; nu \u0219tiai ce faci. \u00cemi spunea un prieten foarte bun c\u0103 fotografia e veselia orbului: nu vezi ce ai f\u0103cut dec\u00e2t dup\u0103 ce printezi. A\u0219a era!, \u00eens\u0103, treptat, venea un moment c\u00e2nd, chiar dac\u0103 nu o vedeai, \u0219tiai c-o ai, \u0219tiai c\u0103 ai poza! Era incredibil! Tot suspansul acela, care p\u00e2n\u0103 la urm\u0103 era stres, c\u0103ci era un suspans de zi cu zi, or\u0103 cu or\u0103 &#45; ce o s\u0103 \u00ee\u021bi ias\u0103 \u0219i ce n-o s\u0103-\u021bi ias\u0103&#8230; Te rugai, &#34;<em>M\u0103car una&#8230; Una, m\u0103car&#8230;<\/em>&#34; &#45;, tot suspansul momentelor \u0103lora era special \u0219i te \u00eenv\u0103\u021ba foarte mult, te determina s\u0103 ai grij\u0103. Acum, cu digitalul, nu mai e chiar a\u0219a, pentru c\u0103 \u0219tergi, mai \u00eencerci o dat\u0103 dac\u0103 mai po\u021bi, sau \u00eencerci alta, dac\u0103 nu \u021bi-a ie\u0219it prima sau \u00eencerci una \u0219i mai bun\u0103 dac\u0103 prima nu e ok.<\/p>\n<p>Apari\u021bia digitalului a fost extrem de bine venit\u0103, astea fiind diferen\u021bele \u00eentre operarea pe film \u0219i digital.<\/p>\n<p>La &#34;Jurnalul Na\u021bional&#34;, de exemplu, eram zece. N-aveau bani s\u0103 cumpere filme, a\u015fa \u00eenc\u00e2t, sistematic, c\u00e2nd se terminau filmele, vreo s\u0103pt\u0103m\u00e2n\u0103-dou\u0103, eram determina\u021bi s\u0103 lucr\u0103m pe resturi de film. Exemplu: dac\u0103 aveam un film de 36 de cadre \u0219i tr\u0103sesem numai 10, nu developam tot filmul; \u00eel t\u0103iam, la \u00eentuneric, \u015fi developam doar por\u021biunea care ne trebuia. R\u0103m\u00e2neau, deci, resturi \u00een casete. Noi scriam, de regul\u0103, cu carioca, pe limba filmului care r\u0103m\u00e2nea afar\u0103, cam c\u00e2te pozi\u021bii mai sunt \u00een caset\u0103: 10, 5, 7. Erau perioade \u00een care mergeam pe teren, cu to\u021bii, cu doar 5 sau 10 cadre la noi. Trebuia s\u0103 fim foarte selectivi! Asta ne-a \u00eenv\u0103\u021bat mult la vremea respectiv\u0103, c\u0103ci nu ne permiteam variante, trebuia s\u0103 tragem c\u00e2t mai eficient.<\/p>\n<p>Apoi s-a introdus digitalul, iar primele digitale profesionale erau extrem de scumpe. Erau ni\u0219te aparate fabricate \u00een joint venture de Kodak \u0219i Canon. DCS-urile, renumitele aparate DCS, pe care le aveau doar agen\u021biile str\u0103ine. Noi ne uitam la ele cu poft\u0103 \u0219i curiozitate, ca la o navet\u0103 spa\u021bial\u0103. Ne g\u00e2ndeam c\u0103 cine \u0219tie ce trebuie s\u0103 \u0219tii, c\u0103 trebuie s\u0103 re\u00eenve\u021bi meseria pentru digital&#8230; \u00cen plus, nu ne pricepeam prea mult la calculatoare, iar digitalul nu \u00eensemna doar aparatul \u00een sine, ci \u0219i abilitatea de a lucra pe calculator. Personal, nici Windows-ul nu \u0219tiam ce este&#8230; Era altceva pentru noi&#8230;. \u00cens\u0103, \u00eencet, \u00eencet, ne-am obi\u0219nuit, tehnologia a avansat extraordinar de rapid, iar pre\u021burile au \u00eenceput s\u0103 devin\u0103 accesibile. <\/p>\n<p>\u00cen paralel, erau &#34;teorii&#34;, discu\u021bii stupide, \u00een care conservatorii spuneau: &#34;<em>Digitalul nu va atinge niciodat\u0103 performan\u021bele filmului, nu are viitor&#8230;<\/em>&#34; sau &#34;<em>Asta nu mai e fotografie!<\/em>&#34;. Personal, le spuneam: &#34;<em>Nu suportul conteaz\u0103, ci ce ai pus pe suportul \u0103la, indiferent c\u0103 e film, dischet\u0103 sau card<\/em>&#34;. Important este, pe de-o parte, ce ai pus pe el, pe de alt\u0103 parte, evident, performan\u021bele digitalului, la \u00eenceput, nu erau, nici pe departe, cele de acum. M\u0103 refer nu numai la rezolu\u021bii, ci \u015fi la reac\u021bia la contrast, la diferen\u021bele mari de lumin\u0103&#8230; Or, investindu-se, cu siguran\u021b\u0103, foarte mult \u00een cercetare, tehnologia a avansat at\u00e2t de mult \u00eenc\u00e2t captoarele au ajuns la performan\u021be similare filmului \u0219i ochiului omenesc. Sunt anumite zone \u00een care, la ora actual\u0103, digitalul dep\u0103\u0219e\u0219te performan\u021bele filmului, ceea ce este extraordinar! Le d\u0103deam ca exemplu muzica: nu-\u021bi mai pas\u0103 c\u0103 Jimi Hendrix este pe vinil sau pe DVD. Muzica este aceea\u0219i \u0219i o apreciezi la fel de mult.<\/p>\n<p>\u00cen prezent, foarte mul\u021bi debutan\u021bi doresc s\u0103 se apuce serios de fotografie, \u00eencep\u00e2nd cu filmul. Personal, \u00eei sf\u0103tuiesc: &#34;<em>Nu \u00eencepe pe film! \u00cencepe cu digitalul, pentru c\u0103 filmul te va costa foarte mult. Accidentele de dup\u0103 developare sau developarea gre\u0219it\u0103 te vor dezarma \u0219i vei abandona. Apoi, \u00een mod normal, va trebui s\u0103 \u00eenve\u021bi s\u0103 m\u0103re\u0219ti toate cadrele de pe film, pentru a vedea unde ai gre\u0219it, ce ai gre\u0219it \u0219i de ce ai gre\u0219it. Or asta cost\u0103, pe c\u00e2nd cu digitalul \u00eenve\u021bi \u0219i, dac\u0103 \u00ee\u021bi place foarte mult, te orietenzi spre film.<\/em>&#34; Digitalul ofer\u0103, indiscutabil, un ajutor extraordinar!<\/p>\n<p><strong><em>&#45; Cum s-a petrecut la nivelul redac\u021biilor?<\/em><\/strong><\/p>\n<p>Greu. Redac\u021biilor nu le p\u0103sa de digital. Le spuneam c\u00e2t cost\u0103 o camer\u0103 \u0219i &#34;<em>Hai s\u0103 cump\u0103r\u0103m!<\/em>&#34;, dar reac\u021bia lor era: &#34;<em>D\u0103-i, tat\u0103, drumu\u2019 pe film, n-avem bani!<\/em>&#34; Dac\u0103 se hot\u0103rau, <em>in fine<\/em>, s\u0103 cumpere o camer\u0103 pentru un grup de patru fotografi, era mare lucru! Nu-\u0219i permiteau sau nu considerau c\u0103 este necesar. Cu timpul, \u00eens\u0103, au realizat \u0219i redac\u0163iile importan\u0163a digitalului \u0219i au \u00eenceput s\u0103 cumpere aparate, s\u0103 considere valoarea investi\u021biei. Cu at\u00e2t mai mult cu c\u00e2t, pe film, cheltuielile curente erau extrem de costisitoare! Trebuia s\u0103 cump\u0103r\u0103m filme, substan\u021be, h\u00e2rtie. \u00cen privin\u0163a develop\u0103rii color \u0219i a h\u00e2rtiei nu mai zic, era nebunie curat\u0103!<\/p>\n<p>Treptat, nu s-au mai m\u0103rit fotografiile pe h\u00e2rtie, se scanau. Au fost cump\u0103rate scannere p\u00e2n\u0103 c\u00e2nd, \u00een cele din urm\u0103, redac\u021biile au realizat c\u0103 filmul, developarea \u0219i scanarea erau un hibrid \u00eentre digital \u0219i film. Evident, \u00een timp, avea s\u0103 c\u00e2\u0219tige digitalul. Dar p\u00e2n\u0103 au realizat redac\u021biile c\u0103 trebuie s\u0103 investeasc\u0103 \u00een digital, a fost greu&#8230;<\/p>\n<p><strong><em>&#45; Ca reper temporal?<\/em><\/strong><\/p>\n<p>\u00cen 2002-2003, se lucra \u00eenc\u0103 pe film, cu scanner. Cred c\u0103 primele investi\u021bii au fost f\u0103cute de agen\u021bii: &#34;Mediafax&#34;, \u0219i apoi &#34;Rompres&#34;. &#34;Adev\u0103rul&#34; a fost, mai t\u00e2rziu, primul ziar care a cump\u0103rat digitale pentru toat\u0103 sec\u021bia, dar s-ar putea s\u0103 m\u0103 \u00een\u0219el. Cam asta a fost atunci&#8230;<\/p>\n<p>C\u00e2nd eram la &#34;Jurnalul&#34;, era un supliment, &#34;Jurnalul SF&#34;, redactat de o ga\u0219c\u0103 de tineri simpatici. Ne \u00een\u021belegeam foarte bine. La un moment dat, directorul publica\u021biei, un tip la vreo 23-24 de ani cu sim\u021bul umorului, a asistat la un congres SF \u00een Italia. S-a \u00eentors \u00eenso\u021bit de un fotograf italian care f\u0103cuse fotografii la congres. M-a sunat de la aeroport, prevenindu-m\u0103: &#34;<em>Fii atent, sosesc cu un fotograf italian care a f\u0103cut poze acolo \u0219i venim la tine s\u0103 le developezi. L-am asigurat c\u0103 e\u0219ti cel mai bun din \u021bar\u0103!<\/em>&#34;. &#34;<em>Bine, veni\u021bi!<\/em>&#34;, i-am r\u0103spuns. Au venit la redac\u021bie s\u0103 developeze filmele. \u00cen ziua respectiv\u0103, exact \u00een momentul \u00een care au venit, eram difuzat la radio. Cineva f\u0103cuse un reportaj despre situa\u021bia fotoreportajului \u00een Rom\u00e2nia. A intervievat mai multe redac\u021bii \u0219i, \u00een cele din urm\u0103, pe mine. \u00cen momentul \u00een care au sosit, se prezenta, deci, toat\u0103 discu\u021bia la radio. Persoana respectiv\u0103, ca to\u021bi italienii, vorbea enorm de mult! Vorbea mult, noi eram \u00een laborator, eu \u00eei \u00eenc\u0103rcasem filmele \u00een tanc, el tot vorbea, eu f\u0103ceam eforturi s\u0103 urm\u0103resc discu\u021bia de la radio&#8230; Voiam s\u0103 ascult ce am spus eu \u00een compara\u021bie cu ceilal\u021bi. La un moment dat, \u00eei fac semn s\u0103 tac\u0103, indic\u00e2ndu-i: &#34;<em>Eu sunt la radio acum&#8230;<\/em>&#34;. El \u00eemi spunea, \u00een acela\u0219i timp: &#34;<em>Am auzit c\u0103 e\u0219ti un mare fotograf!<\/em>&#34;, iar c\u00e2nd i-am zis \u0219i de interven\u021bia mea la radio, reac\u021bia lui a fost \u0219i mai admirativ\u0103. Tot \u00eenv\u00e2rtind \u00een solu\u021bii \u0219i ascult\u00e2nd, ridic, la un moment dat, privirea \u0219i v\u0103d \u00een fa\u021ba mea sticla de revelator plin\u0103, iar cea de fixator goal\u0103&#8230; Dincolo de jen\u0103, a fost o implozie, am &#34;explodat&#34; \u00een mintea mea din pricina penibilului, ridicolului situa\u021biei, cu at\u00e2t mai mult cu c\u00e2t fusesem recomandat&#8230; Pe de alt\u0103 parte, avusesem deja reac\u021bia \u00een interior, iar, \u00een momentul c\u00e2nd scoteam filmul, trebuia s\u0103 mimez surpriza, de\u0219i \u0219tiam deja rezultatul&#8230; Personal, nu prea pot min\u0163i, a\u0219a \u00eenc\u00e2t a trebuit s\u0103 \u00eei m\u0103rturisesc: &#34;<em>Uite ce-am f\u0103cut&#8230;<\/em>&#34; Norocul mare a fost c\u0103 avea filme Ilford \u0219i am utilizat solu\u021bii Ilford. Pentru a testa expunerea lui, am utilizat numai unul dintre cele dou\u0103 filme. S\u0103rmanul, a r\u0103mas mut&#8230; Nu s-a sup\u0103rat prea tare sau, \u00een fine, n-a ar\u0103tat, dar iat\u0103 ce \u00eenseamn\u0103 accidentele. \u0162i-era team\u0103, iar p\u00e2n\u0103 nu vedeai rezultatul pe h\u00e2rtie, nu-\u021bi trecea. Orice ce se putea \u00eent\u00e2mpla, orice!<\/p>\n<p>\u015ei cu digitalul se poate \u00eent\u00e2mpla s\u0103 dai <em>delete<\/em> din gre\u0219eal\u0103 sau s\u0103 crape <em>card<\/em>-ul, dar destul de rar.<\/p>\n<p>Cam asta a fost cu digitalul&#8230; A fost o perioad\u0103 de tranzi\u021bie cam lung\u0103, ce-i drept, \u00eens\u0103 noi n-am reac\u021bionat \u00eempotriva digitalului, pentru c\u0103 ni-l doream foarte mult! To\u021bi \u00ee\u0219i doreau aparate digitale! Prin urmare, digitalul a intrat \u00een via\u021ba noastr\u0103 de zi cu zi ca un instrument dorit, c\u0103ruia \u00eei vedeam utilitatea.<\/p>\n<p><strong><em>&#45; \u00cen paralel cu achizi\u021bionarea de aparate, au fost ini\u021biative de <em>training<\/em>-uri pentru utilizarea aparatelor?<\/em><\/strong><\/p>\n<p>Nu, \u00eenv\u0103\u021bam unii de la al\u021bii. De fapt, \u00een Rom\u00e2nia, neexist\u00e2nd \u0219coal\u0103, noi am \u00eenv\u0103\u021bat fotografie unii de la al\u021bii. Mai fur\u00e2nd, mai spun\u00e2ndu-ne unul altuia, dar nu a existat \u0219coal\u0103. Sau poate au existat ni\u0219te <em>training<\/em>-uri, dar nu sunt eu la curent, \u00eens\u0103 nu cred, pentru c\u0103 \u00een perioada respectiv\u0103, \u00een Rom\u00e2nia, nu erau <em>dealeri<\/em> sau reprezenta\u021be pentru a organiza <em>training<\/em>-uri, cum procedeaz\u0103 \u00een prezent &#8222;Skin&#8221;, de exemplu, care, imediat dup\u0103 apari\u021bia unui aparat nou, explic\u0103 performan\u021bele noului aparat sau invit\u0103 fotografii s\u0103-l testeze. Nu, nu erau \u00een perioada respectiv\u0103. \u00cenv\u0103\u021bam, evident, \u0219i din publica\u021biile str\u0103ine sau de pe internet, de\u0219i internetul era la \u00eenceput. \u00cen publica\u021bii str\u0103ine citeam studii cumparative despre performan\u021bele \u0219i op\u021biunile aparatelor, despre rezolu\u021bii, dar habar nu aveam despre ce era vorba&#8230; Noi \u0219tiam despre rezolu\u021bia filmului, despre granula\u021bie&#8230; pixelii nu ne spuneau prea mult, la vremea aceea. P\u00e2n\u0103 c\u00e2nd, fiecare a \u00eenceput s\u0103 \u00eenve\u021be, cred, d\u00e2nd cu capul de pragul de sus. Ceea ce e o \u0219coal\u0103 bun\u0103, pentru c\u0103 este bine s\u0103 \u00eenve\u021bi un lucru atunci c\u00e2nd ai nevoie de el, c\u00e2nd \u00eei sim\u021bi necesitatea, dar ia timp, ia ani de zile. \u00cen str\u0103in\u0103tate, un pu\u0219ti \u00eenv\u0103\u021ba bazele digitalului \u00eentr-un an de \u0219coal\u0103, \u00eensu\u0219indu-\u0219i mai multe no\u021biuni dec\u00e2t dob\u00e2ndeam noi \u00een 5 ani, lovindu-ne de fel de fel de situa\u021bii, accidental. A fost o trecere lent\u0103 \u0219i frustrant\u0103.<\/p>\n<p><strong><em>&#45; Practic, comunicarea dintre voi a ajutat.<\/em><\/strong><\/p>\n<p>Categoric, sigur! Doar de la unul, la altul mai aflam c\u00e2te ceva, altfel nu aveam cum. Iar a\u0219a-zisele \u0219coli care existau, a\u0219a-zi\u0219ii profesori erau genul de profesori care testau solu\u021biile gust\u00e2ndu-le, spun\u00e2nd apoi: &#34;<em>\u0102sta nu e un revelator bun!<\/em>&#34;. Spuneau pu\u0219tilor: &#34;<em>Nu, digitalul n-are niciun viitor, tot filmul e baza&#8230;<\/em>&#34; Ipostaze nonprogresiste.<\/p>\n<p>Cam asta a fost cu digitalul, \u00eens\u0103, dup\u0103 digital, a sosit Photoshop-ul. Alt\u0103 poveste&#8230; (r\u00e2s)<\/p>\n<p><strong><em>&#45; Cum s-a \u00eent\u00e2mplat cu Photoshop-ul?<\/em><\/strong><\/p>\n<p>Agen\u021biile cuno\u0219teau deja Photoshop-ul. Vadim, Sigheti \u0219tiau s\u0103-l utilizeze, beneficiind de instructaje la Londra, noi \u00eentreb\u00e2ndu-ne, \u00een paralel, sidera\u021bi: &#34;<em>Cum a putut s\u0103 ias\u0103 poza asta a\u0219a, c\u0103 am fost \u0219i eu acolo \u0219i mie nu mi-a ie\u0219it la fel?<\/em>!&#34; Asta pentru c\u0103 Photoshop-ul ofer\u0103 posibilit\u0103\u021bi de corec\u021bie de tip analogic. \u00cen fotografia de pres\u0103, sunt permise doar anumite ac\u021biuni, cele pe care le po\u021bi face \u0219i \u00een laboratorul foto: crop, contrast, luminozitate, un dram de culoare, dar nu exagerat, pentru c\u0103 apoi se simte interven\u021bia. Cam at\u00e2t este permis, dar nu ai voie nici s\u0103 \u0219tergi, nici s\u0103 adaugi. Apoi, devine discutabil&#8230; \u00cen fotografia de pres\u0103 trebuie s\u0103 fii c\u00e2t mai aproape de realitate. A luat ceva timp \u00eensu\u0219irea Photoshop-ul: ne chinuiam s\u0103 facem selec\u021bii, s\u0103 determin\u0103m marginea selec\u021bei, dar tot a\u0219a am \u00eenv\u0103\u021bat: cum descoperea cineva ceva \u00eei ar\u0103ta celuilalt&#8230; A fost un workshop ad-hoc. <\/p>\n<p>Al\u021bii, \u00eens\u0103, nu voiau s\u0103 arate! (r\u00e2s). Evident, sunt \u0219i cazuri de genul \u0103sta!<\/p>\n<p><strong><em>&#45; Aspectul \u0103sta nu l-am con\u0219tientizat p\u00e2n\u0103 acum. Discu\u021biile informale, comunicarea dintre voi, cum se realizau? \u00cen redac\u021bii sau erau alte locuri unde v\u0103 \u00eent\u00e2lnea\u021bi?<\/em><\/strong><\/p>\n<p>Prin 2000 cred, Radu Sigheti a avut o idee foarte bun\u0103: a fondat AFPR-ul, Asocia\u021bia Fotografilor de Pres\u0103 din Rom\u00e2nia, primit\u0103 cu entuziasm, toat\u0103 lumea a\u0219tept\u00e2nd o asociere de breasl\u0103. Mai fusese o organiza\u021bie, pe vremea lui Ceau\u0219escu, care exist\u0103 \u00eenc\u0103, AAFRO: Asocia\u021bia Arti\u0219tilor Fotografi din Rom\u00e2nia. Editau publica\u021bia lor, dar era genul &#34;C\u00e2ntarea Rom\u00e2niei&#34;: \u021b\u0103r\u0103ncu\u021be, \u021b\u0103rani \u00een costume populare, g\u00e2ze, copaci, natur\u0103, nuduri, supraimpresiuni sau amplific\u0103ri nejustificate.<\/p>\n<p>Radu Sigheti a propus o organiza\u021bie de breasl\u0103, strict pe fotojurnalism, organizat\u0103 profesional.<\/p>\n<p><strong><em>&#45; Ca la carte, a\u0219a-i?<\/em><\/strong><\/p>\n<p>Da! El a \u00eenceput \u00eentr-un bar care se chema &#34;Smart&#34;, undeva pe l\u00e2ng\u0103 Pia\u021ba Gala\u021bi, \u00eent\u00e2lnirile fiind mar\u021bea. Dac\u0103 e mar\u021bi e &#34;Smart&#34;. Ne \u00eent\u00e2lneam acolo s\u0103pt\u0103m\u00e2nal, beam bere \u0219i vorbeam. Apoi, tot el a propus s\u0103 lans\u0103m &#34;Fotografia s\u0103pt\u0103m\u00e2nii&#34;. Fiecare trebuia s\u0103 aduc\u0103 \u00een print alb-negru, A4, fotografiile f\u0103cute \u00een s\u0103pt\u0103m\u00e2na respectiv\u0103. Se fixa un termen limit\u0103: p\u00e2n\u0103 la ora nou\u0103, se adun\u0103 fotografiile. Se acumula un teanc de fotografii, perind\u00e2ndu-se, apoi, din m\u00e2n\u0103 \u00een m\u00e2n\u0103. Fotografiile nu trebuiau semnate. Fiecare \u00eenscria un &#34;X&#34; pe spatele fotografiilor, la sf\u00e2r\u0219it, num\u0103r\u00e2ndu-se &#34;X&#34;-urile. Fotografia cu cele mai multe &#34;X&#34;-uri era desemnat\u0103 fotografia s\u0103pt\u0103m\u00e2nii. Foarte interesant! Erau discu\u021bii \u00eencr\u00e2ncenate, nervi: &#34;<em>Dar de ce asta, dar uite, asta e de o mie de ori mai frumoas\u0103&#8230;<\/em>&#34;. Noi, cei de la &#34;Evenimentul&#34;, c\u00e2\u0219tigam cele mai multe etape. Ajunsese s\u0103 se spun\u0103: &#34;<em>Iar Evenimentul?!<\/em>&#34;.<\/p>\n<p><strong><em>&#45; Deci era o mini competi\u021bie \u00eentre redac\u021bii&#8230;<\/em><\/strong><\/p>\n<p>Da, mai mult sau mai pu\u021bin, dar era o competi\u021bie&#8230;<\/p>\n<p><strong><em>&#45; Constructiv\u0103.<\/em><\/strong><\/p>\n<p>Da! A\u0219a s-a aflat, de exemplu, despre Petru\u021b C\u0103linescu, prezent\u00e2ndu-i printurile \u00een cadrul \u00eent\u00e2lnirilor \u0103stora. Petru\u021b, la \u00eenceput, nu prea venea. Era timid, pu\u0219tan, nu voia s\u0103 vin\u0103. P\u00e2n\u0103 c\u00e2nd Sigheti mi-a zis: &#34;<em>Adu-l pe b\u0103iatul \u0103sta, s\u0103-l vedem \u0219i noi!<\/em>&#34; A venit \u0219i l-a cunoscut lumea pe Petru\u021b. I-am prezentat, de asemenea, pe Mihai Barbu \u0219i Dan Mih\u0103ilescu. Mih\u0103ilescu nici el nu venea, dar tot c\u00e2\u0219tig\u00e2nd, a \u00eenceput lumea s\u0103 \u00eentrebe: &#34;<em>Dar cine este Mih\u0103ilescu, \u0103sta?!<\/em>&#34; Dup\u0103 care a venit Karina Knapek. Pe Karina o \u0219tiau to\u021bi, de mult timp. C\u00e2nd a venit Karina la &#34;Evenimentul&#34;, am \u00eenceput s\u0103 aduc \u0219i fotografiile ei, f\u0103r\u0103 a da indicii. La sf\u00e2r\u0219it, \u00eentrebarea inerent\u0103 era: &#34;<em>A cui e asta?!<\/em>&#34;, &#34;<em>A Karinei<\/em>&#34;, am r\u0103spuns. \u00centr-un final, reac\u021bia lui Sigheti a fost: &#34;<em>Ce le faci?! Cum Dumnezeu? Unde, cum \u00eei g\u0103se\u0219ti?!<\/em>&#34;.<\/p>\n<p>Mai erau, evident, \u00eent\u00e2lnirile \u00eent\u00e2mpl\u0103toare \u00een ora\u0219 sau de tipul &#34;<em>Hai la o bere!<\/em>&#34;, \u00eens\u0103 cele din &#34;Smart&#34; erau sistematice, evident, \u00een func\u021bie de programul fiec\u0103ruia. \u00centr-o mar\u021bi, puteau fi 10, \u00een alta 50 de fotografi. Au fost foarte interesante, p\u00e2n\u0103 c\u00e2nd Radu a plecat \u00een Africa, pentru 5 ani, \u0219i s-a ales praful, at\u00e2t de AFPR, c\u00e2t \u0219i de \u00eent\u00e2lnirile din &#34;Smart&#34;. <\/p>\n<p>Mai t\u00e2rziu, acum vreo patru sau cinci ani, Mihai Barbu a \u00eencercat s\u0103 \u00eel re\u00eenvie, iar lumea a \u00eenceput s\u0103 vin\u0103. Numai c\u0103 nu se mai organizau la &#34;Smart&#34;, c\u0103ci era cam scump\u0103 berea acolo. Ne vedeam &#34;La Baricade&#34;, de data asta. Acela\u0219i principiu: se venea cu fotografiile, se desemna fotografia s\u0103pt\u0103m\u00e2nii&#8230; Mai mult, Mihai Barbu \u0219i fratele lui au f\u0103cut \u0219i un <em>site<\/em>, pe care se publica fotografia s\u0103pt\u0103m\u00e2nii sau primele trei locuri&#8230; Un <em>site<\/em> foarte interesant, tematicile fiind foarte variate: putea fi fotografia s\u0103pt\u0103m\u00e2nii din sport sau din teatru sau de la un eveniment, putea fi orice tem\u0103. A\u0219a s-a aflat de Balaurea. De fapt, nu, Balaurea a fost remarcat\u0103 \u00een urma fotografiilor expuse pe gard, la exteriorul Muzeului de Art\u0103.<\/p>\n<p><strong><em>&#45; Nu \u0219tiu cine este&#8230;<\/em><\/strong><\/p>\n<p>Andreea Balaurea.<\/p>\n<p><strong><em>&#45; Nu \u0219tiu de ea.<\/em><\/strong><\/p>\n<p>Nu \u0219tii? O minune! Este genul Ioana Moldovan, Ioana C\u00eerlig, foarte vizual\u0103.<\/p>\n<p>Mai t\u00e2rziu, s-a \u00eentors Sigheti, g\u0103sind \u00eentrunirile noastre \u00een desf\u0103\u0219urare, re\u00eenviate, bucur\u00e2ndu-se, evident. A \u00eenceput s\u0103 vin\u0103 \u0219i el. Ca printr-un f\u0103cut, nici eu, nici Mihai Barbu nu o s\u0103 \u00een\u021belegem niciodat\u0103 de ce, dup\u0103 ce a revenit Radu, s-a spart. El era mentorul, el era ini\u021biatorul&#8230; Prezen\u021ba lui Radu ar fi trebuit s\u0103 fie un&#8230;<\/p>\n<p><strong><em>&#45; Catalizator&#8230;<\/em><\/strong><\/p>\n<p>Da. \u00cencepuser\u0103 s\u0103 vin\u0103 foarte mul\u021bi copii, iar prezen\u021ba lui Radu i-a speriat, probabil, el fiind destul de critic. Dup\u0103 ce se alegeau fotografiile, Radu spunea sistematic: &#34;<em>Hai s\u0103 vedem, de ce s-a ales poza asta. Mie, de exemplu, poza asta nu&#8230;<\/em>&#34;. \u0218i \u00eencepeau discu\u021bii c\u00e2t se poate de constructive, care existau \u0219i \u00eenainte, dar acum, cred c\u0103 i-a speriat&#8230; Nu \u0219tiu, n-au mai venit. Dup\u0103 trei, patru \u00eent\u00e2lniri veneau din ce \u00een ce mai pu\u021bini, p\u00e2n\u0103 c\u00e2nd, la un moment dat, la ultima cred, ne-am reg\u0103sit doar eu, Mihai Barbu \u0219i Radu&#8230; Doar noi trei, acolo (r\u00e2s). E o glum\u0103 trist\u0103, dar asta a fost. Niciunul dintre noi trei n-am putut s\u0103 ne d\u0103m seama &#34;<em>De ce?<\/em>&#34;.<br \/>\nCam astea erau, \u00eentre ghilimele, &#34;colocviile&#34;. A\u0219a se n\u0103\u0219teau discu\u021biile&#8230; \u00cen plus, atunci nu exista Facebook, dar discutam la telefon.<\/p>\n<p>Mai erau, de asemenea, situa\u021bii de genul &#34;<em>Am ni\u0219te poze, d\u0103-\u021bi \u0219i tu o p\u0103rere, c\u0103 eu nu mai \u0219tiu c\u00e2t s\u0103 mai restr\u00e2ng&#8230;<\/em>&#34;, cum a fost cazul lui Marius Neme\u0219, \u00een urma sejurului s\u0103u \u00een Indonezia. Avea inten\u021bia s\u0103 participe la un concurs unde trebuia s\u0103 prezint\u0103 maxim 14 fotografii, iar el selec\u021bionase vreo 25 de imagini.<\/p>\n<p>Mie mi se dusese vestea c\u0103 sunt bun editor foto, foarte multe persoane rug\u00e2ndu-m\u0103: &#34;<em>Arat\u0103-mi \u0219i mie care sunt cele mai bune, selecteaz\u0103-mi<\/em>&#34;. Alt\u0103 surs\u0103 de discu\u021bii&#8230;<\/p>\n<p><strong><em>&#45; Ce s-a \u00eent\u00e2mplat cu asocia\u021bia?<\/em><\/strong><\/p>\n<p>Asocia\u021bia este \u00eenchis\u0103 acum, dar <em>site<\/em>-ul exist\u0103, \u00eenc\u0103. Radu a fost foarte dezam\u0103git, \u0219i pe bun\u0103 dreptate. Delegase gestionarea asocia\u021biei unor prieteni buni, \u00een care avea \u00eencredere, iar \u0103lora nu le-a p\u0103sat. A fost foarte sup\u0103rat \u0219i avea dreptate! \u00cel \u00een\u021beleg&#8230; Nu a fost nici m\u0103car sup\u0103rat, a fost m\u00e2hnit, cred.<\/p>\n<p><strong><em>&#45; \u00cen prezent, nu mai exist\u0103, deci, o formul\u0103 asociativ\u0103 care s\u0103 func\u021bioneze.<\/em><\/strong><\/p>\n<p>Nu. Din c\u00e2te \u0219tiu eu, nu. Exist\u0103 tot felul de grupuri pe Facebook, dar o asocia\u021bie de acela\u0219i gen nu mai exist\u0103&#8230; Era frumos, era foarte frumos, d\u00e2nd roade, \u00een perioada respectiv\u0103. Era necesar\u0103, necesar\u0103 fiind \u0219i acum, de altfel!<\/p>\n<p>Radu visa s\u0103 realizeze foarte multe! \u0218i-ar fi dorit s\u0103 creeze o \u0219coal\u0103 de fotografie, instituit\u0103 prin AFPR, s\u0103 introduc\u0103 cotiza\u021bii din care s\u0103 pl\u0103tim un avocat competent, capabil s\u0103 pledeze \u00een favoarea tuturor aspectelor deontologice, cum ar fi drepturile de autor sau licen\u021bierea abuziv\u0103, cum s-a \u00eent\u00e2mplat recent cu Mihai Barbu, la &#34;Rom\u00e2nia liber\u0103&#34; \u0219i nu doar cu el&#8230; C\u00e2\u021bi n-au p\u0103\u021bit-o&#8230; Radu \u0219tie, de asemenea, cum func\u021bioneaz\u0103 sistemul \u00een str\u0103in\u0103tate, dar n-a mers \u00een Rom\u00e2nia.<\/p>\n<p>Genul \u0103sta de probleme exist\u0103, \u00eenc\u0103, \u00een prezent: boicotul pre\u021bului, de exemplu. Noi lupt\u0103m pentru recuno\u0219terea valoric\u0103 a fotografiei, chiar \u0219i din punct de vedere pecuniar, refuz\u00e2nd propuneri <em>pro bono<\/em> \u0219i principiul: &#34;<em>Simte-te bine c\u0103 te-am b\u0103gat \u00een seam\u0103, c\u0103 \u00ee\u021bi propunem chestia asta&#8230; Ar trebui s\u0103 fii onorat!<\/em>&#34;, \u00eencerc\u0103m s\u0103 ne opunem practicilor de genul \u0103sta, \u00eens\u0103 vine un pu\u0219tan care lucreaz\u0103 pe gratis sau extraordinar de ieftin, sparge pia\u021ba \u0219i trage totul \u00eenapoi&#8230; Or, Radu tocmai asta \u00ee\u0219i dorea, noi afili\u00e2ndu-ne proiectului lui \u00een ideea asta! Erau principii, demersuri pe care dac\u0103 noi, din interiorul breslei, nu le promovam, nimeni nu ar fi f\u0103cut-o! \u00cen plus, el, \u00een calitate de pre\u0219edinte, reprezenta o garan\u021bie, din punct de vedere valoric. Nu era oricine. Era o formul\u0103 bun\u0103, dar n-a \u021binut&#8230; Ca multe alte lucruri, \u00een Rom\u00e2nia. E de mirat, \u00een contextul fotografilor profesioni\u0219ti, c\u0103ci era interesul nostru, al tuturor. \u0218i cu toate astea&#8230;<\/p>\n<p>Vorbind de Radu Sigheti, AFPR \u00eempreun\u0103 cu CRP, Clubul Rom\u00e2n de Pres\u0103, au \u00eenceput s\u0103 organizeze anual&#8230;<\/p>\n<p><strong><em>&#45; Concursuri?<\/em><\/strong><\/p>\n<p>Concursuri, da, desemn\u00e2ndu-se fotografia anului, de exemplu. De aceea i se spune lui Mihai Barbu, &#34;PJ&#34;. Decern\u00e2ndu-i-se, la prima edi\u021bie, &#34;Premiul Junior&#34;, noi, prietenii, l-am numit &#34;PJ&#34;. De fapt, mai \u00eent\u00e2i a c\u00e2\u0219tigat Petru\u021b. C\u00e2nd a participat Mihai Barbu, nu exista &#34;Premiul Junior&#34;, a\u0219a \u00eenc\u00e2t juriul a considerat c\u0103 trebuie f\u0103cut ceva, instituind &#34;Premiul Junior&#34;. S-a desf\u0103\u0219urat vreo 3 ani, cred.<\/p>\n<p><strong><em>&#45; De c\u00e2nd p\u00e2n\u0103 c\u00e2nd?<\/em><\/strong><\/p>\n<p>Cred c\u0103 2000-2003&#8230; Poate 4 ani.<\/p>\n<p><strong><em>&#45; Filmul \u00eenc\u0103 func\u021bion\u00e2nd&#8230;<\/em><\/strong><\/p>\n<p>Da, \u00een general, se lucra \u00eenc\u0103 pe film. &#34;Reuters&#34; \u0219i Robert Ghement de la &#34;EPA&#34; lucrau deja pe digital, dar marea majoritate lucra pe film, scanat ulterior.<\/p>\n<p><strong><em>&#45; Vorbeam de inten\u021bia de a readuce fotografia la adev\u0103rata ei valoare, situa\u021bia nefiind teribil\u0103 nici \u00eenainte de debutul crizei.<\/em><\/strong><\/p>\n<p>Nu, nici vorb\u0103!<br \/>\n<strong><br \/>\n<em>&#45; De ce? \u0218i cum?<\/em><\/strong><\/p>\n<p>Pentru c\u0103, neexist\u00e2nd \u0219coal\u0103 de fotografie \u00een Rom\u00e2nia, nu exist\u0103 criterii. De fapt, fundamentul pe care \u021bi-l ofer\u0103 \u0219coala consist\u0103 \u00een stabilirea unor criterii. Neexist\u00e2nd criterii, concluzia colectiv\u0103 este c\u0103 toat\u0103 lumea se pricepe la fotografie&#8230; Toat\u0103 lumea! Prin urmare, pentru ei, fotografia era&#8230;<\/p>\n<p><strong><em>&#45; Pentru ei&#8230;?<\/em><\/strong><\/p>\n<p>Pentru redac\u021bii, \u00eencep\u00e2nd de la v\u00e2rf.<\/p>\n<p>Personal, am avut un pic de noroc, pentru c\u0103 lui Marius Tuc\u0103 \u00eei place fotografia. Lui i-a pl\u0103cut foarte multe ce fac eu. Ce-i drept, la vremea respectiv\u0103, nu avea cum s\u0103 nu-i plac\u0103, pentru c\u0103 erau foarte mul\u021bi fotografi de nun\u021bi \u0219i botezuri&#8230; N-am cum s\u0103 spun&#8230; \u021ai-era sil\u0103 s\u0103 te ui\u021bi la ce f\u0103ceau. Chiar asta f\u0103ceau \u00een timpul liber: nun\u021bi \u0219i botezuri! Pentru ei fotografia de pres\u0103 nu exista. Aveau un loc de munc\u0103 unde tr\u00e2nteau o fotografie la redac\u021bie \u0219i at\u00e2t. Tuc\u0103 a sesizat la mine altceva \u0219i m-a \u00eencurajat foarte mult. A\u0219a \u00eenc\u00e2t, la &#34;Jurnalul Na\u021bional&#34;, datorit\u0103 lui Marius Tuc\u0103 am ajuns \u0219ef de departament \u0219i nu \u0219tiu dac\u0103 trebuie s\u0103-l blamez sau nu, pentru c\u0103 am ajuns \u0219ef de departament \u00eenainte de a \u0219tii s\u0103 fac o fotografie bun\u0103 sau \u00eenainte de a m\u0103 consuma ca fotograf. F\u0103cusem ni\u0219te fotografii bune, dar nu era suficient, trebuia s\u0103 m\u0103 rodez. Am \u00eenceput, deci, s\u0103 coordonez prematur, ceea ce nu mi-a prins bine mie, ca fotograf, dar a prins bine \u00een jurul meu.<\/p>\n<p><strong><em>&#45; Echipei.<\/em><\/strong><\/p>\n<p>Da. \u0218i nu doar, c\u0103ci s-a extins. Sunt sigur c\u0103 foarte mult din ce se \u00eent\u00e2mpl\u0103 la ora actual\u0103 \u00een fotografie mi se datoreaz\u0103. Nu doar mie, dar \u0219i mie! Am fost prima mi\u0219care. Prima! E adev\u0103rat c\u0103 Sigheti, Vadim \u0219i cei de la agen\u021bii, lucrau de mult bine, profesional, dar ei nu aveau expunere \u00een \u021bar\u0103. Ei tot ce f\u0103ceau, d\u0103deau \u00een str\u0103in\u0103tate, erau publica\u021bi \u00een ziare interna\u021bionale de renume, dar \u00een \u021bar\u0103, nu-i cuno\u0219tea nimeni. Chiar \u0219i la oara actual\u0103, pu\u021bini au auzit, \u00een Rom\u00e2nia, de Vadim Ghirda sau Radu Sigheti, ceea ce este mare p\u0103cat, pentru c\u0103 sunt fotografi de excep\u021bie! Despre ceea ce f\u0103ceau ei nu se \u0219tia \u00een Rom\u00e2nia; ceea ce am f\u0103cut eu a fost, \u00een mod special, pentru aici. A fost prima mi\u0219care de&#8230;<\/p>\n<p><strong><em>&#45; Profesionalizare&#8230;<\/em><\/strong><\/p>\n<p>Da, \u0219i de con\u0219tientizare, \u00eentr-o oarecare m\u0103sur\u0103, prinz\u00e2nd foarte repede. \u015etiam c\u0103 va prinde! \u00cemi era clar c\u0103 pu\u0219tii asta a\u0219teapt\u0103: a\u0219teapt\u0103 pe cineva care s\u0103 abordeze profesional situa\u021bia existent\u0103! \u0218i a prins imediat, f\u0103r\u0103 eforturi, cei talenta\u021bi ader\u00e2nd imediat, &#34;cu sete&#34;. Asta s-a \u00eent\u00e2mplat atunci, dar numai \u00eentre noi! Noi \u00eencepeam s\u0103 c\u0103p\u0103t\u0103m con\u0219tiin\u021ba de sine ca profesioni\u0219ti, vedeam drumul pe care trebuie mers, dar numai noi! Cum spuneam, am avut noroc cu Tuc\u0103, \u00eens\u0103, la un moment dat, a abandonat, \u00een urma unor discu\u021bii foarte dure la &#34;Jurnalul Na\u021bional&#34;. De\u0219i am r\u0103mas oarecum prieteni \u0219i el \u0219i-a p\u0103stra admira\u021bia fa\u021b\u0103 de mine \u0219i ce fac eu, la momentul acela, nu a mai putut s\u0103 m\u0103 apere \u00een fa\u021ba lui Dan Voiculescu \u0219i a altora care ne acuzau c\u0103 am ajuns arti\u0219ti, spun\u00e2nd: &#34;<em>Hai b\u0103, las\u0103, vii la mine cu d\u2019astea&#8230; F\u0103-mi dracu\u2019 o poz\u0103 acolo \u0219i gata!<\/em>&#34;.<\/p>\n<p>Dup\u0103 o pauz\u0103 de vreo 7 luni, \u00een care nu m-am \u00eenscris \u00een \u0219omaj, c\u0103ci mi-am zis c\u0103 poate o s\u0103 \u00eenceap\u0103 s\u0103-mi plac\u0103 (r\u00e2s), am mai avut \u0219ansa s\u0103 m\u0103 sune Cornel Nistorescu \u0219i Dan Turturic\u0103. Aflaser\u0103 c\u0103 nu lucrez, voiau s\u0103 primeneasc\u0103 ziarul lor, &#34;Evenimentul zilei&#34;, \u0219i v\u0103zuser\u0103 ce f\u0103cusem la &#34;Jurnalul&#34;. La &#34;Jurnalul&#34;, \u00een doi ani de zile, ajunsesem cea mai bun\u0103 echip\u0103 din Rom\u00e2nia. Era de necrezut!<br \/>\nAm\u00e2ndoi, at\u00e2t Turturic\u0103 c\u00e2t \u0219i Nistorescu, aveau gust pentru fotografie, pentru art\u0103. Le pl\u0103cea foarte mult, acord\u00e2ndu-mi m\u00e2n\u0103 liber\u0103. La &#34;Evenimentul&#34; am editat pentru prima dat\u0103 albumele, am realizat expozi\u021biile \u0219i multe altele. Aveau \u00eencredere deplin\u0103 \u00een mine, spun\u00e2ndu-mi: &#34;<em>Faci ce vrei tu, Mihai! E departamentul t\u0103u, tu te pricepi, nu noi.<\/em>&#34; Am avut m\u00e2n\u0103 liber\u0103, p\u00e2n\u0103 c\u00e2nd, s-a ajuns la acela\u0219i discurs: &#34;<em>Hai b\u0103i, e prea mult, deja&#8230; Bun, bun, dar p\u00e2n\u0103 c\u00e2nd ?! P\u00e2n\u0103 unde?!<\/em>&#34;. La \u00eenceput este o deschidere, apoi, \u00een timp, te \u00eenghit!<\/p>\n<p><strong><em>&#45; De ce? Din pricina concuren\u021bei?&#8230;<\/em><\/strong><\/p>\n<p>Nu, concuren\u021b\u0103 nu exista. \u00cen perioada &#34;Evenimentului zilei&#34;, pentru a doua oar\u0103, aveam cea mai bun\u0103 echip\u0103 din Rom\u00e2nia. Repet, nu exista concuren\u021b\u0103. Toat\u0103 lumea aprecia partea de imagine de la &#34;Evenimentul zilei&#34;, neexist\u00e2nd internet \u00een perioada respectiv\u0103. Se vedeau, deci, doar printurile, doar ziarele, foarte multe fotografii neap\u0103r\u00e2nd \u00een print. \u00cencepusem s\u0103 select\u0103m subiecte. \u00cencepusem s\u0103 spun la \u0219edin\u021ba de redac\u021bie: &#34;<em>Aici nu are rost s\u0103 trimite\u021bi fotograf, subiectul nefiind relevant.<\/em>&#34;, &#34;<em>Hai b\u0103, dar cine e\u0219ti tu s\u0103&#8230;<\/em>&#34;, mi se r\u0103spundea.<\/p>\n<p><strong><em>&#45; Din punct de vedere editorial, l\u0103sa de dorit, deci&#8230;<\/em><\/strong><\/p>\n<p>Da&#8230; At\u00e2t la &#34;Jurnalul&#34;, c\u00e2t \u0219i la &#34;Evenimentul&#34;, am introdus foto-<em>story<\/em>-ul. Era o noutate \u00een presa rom\u00e2neasc\u0103. Existau fotoreportaje, dar futilit\u0103\u021bi de genul &#34;Duminica \u00een parc&#34;. Ni\u0219te lucr\u0103ri f\u0103r\u0103 miz\u0103, contemplative \u0219i prost f\u0103cute fotografic, f\u0103r\u0103 consisten\u021b\u0103.<\/p>\n<p>\u00cen Rom\u00e2nia, am \u00eenceput prin a experimenta eu \u00eensumi, \u00eentr-o prim\u0103 faz\u0103, iar apoi, fiind coordonator, am cerut echipei s\u0103 \u00ee\u0219i aleag\u0103 teme, le-am spus ce \u0219i cum s\u0103 fac\u0103 \u0219i s\u0103 revin\u0103 cu un fotoreportaj. S-au publicat. \u00cen &#34;Evenimentul zilei&#34; au fost publicate chiar \u0219i dou\u0103 pagini <em>spread<\/em>, \u00een format mare, deci; la &#34;Jurnalul Na\u021bional&#34;, care \u00eentr-o perioad\u0103 era mic, erau c\u00e2te 5-10 pagini de fotografie dup\u0103 fotografie. Ap\u0103ruser\u0103, deci, \u00een presa rom\u00e2neasc\u0103 serii de \u00eent\u00e2mpl\u0103ri-eveniment, fiind foarte apreciate, evocate, de exemplu, la revista presei \u0219i nu doar.<\/p>\n<p>\u00cens\u0103, \u00een momentul \u00een care noi am \u00eenceput s\u0103 discernem \u0219i s\u0103 spunem: &#34;<em>Aici fotografia nu-\u0219i are sensul&#8230;<\/em>&#34;, au \u00eenceput scandalurile. Se trimiteau fotografii la toate m\u0103g\u0103riile! Un context care ne scotea din s\u0103rite era s\u0103 mergem la familia mortului. Oamenii aceia sufereau, le murise copilul, iar tu te duceai s\u0103 pui ni\u0219te \u00eentreb\u0103ri idioate \u0219i s\u0103 le faci poze. Era \u00eengrozitor, \u00eengrozitor! Sau, dac\u0103 era o crim\u0103 \u00een nu \u0219tiu ce bloc, \u00ee\u021bi cereau s\u0103 fotografiezi blocul, ceea ce nu avea absolut nicio relevan\u021b\u0103. De aici, au \u00eenceput tensiunile&#8230;<\/p>\n<p>Plecarea mea de la &#34;Evenimentul zilei&#34; a fost o demisie \u00eentr-un context foarte dur, profesional, strict profesional, despre care mai bine nu vorbim&#8230;<\/p>\n<p>A urmat &#34;Cotidianul&#34;. Acela\u0219i scenariu: covor \u00eentins&#8230; &#34;<em>Mihai, hai la noi, ajut\u0103-ne!<\/em>&#34; \u0219i tot protocolul, eu spun\u00e2ndu-le c\u0103 nu mai vreau s\u0103 aud. M-am dus, \u00een cele din urm\u0103, dar c\u00e2nd am v\u0103zut cum sunt t\u0103iate fotografiile \u0219i paginate \u00een ziar, scandal: &#34;<em>De ce ai t\u0103iat poza asta?! Poza asta este bun\u0103, a\u0219a, \u00eentreag\u0103!<\/em>&#34;. &#34;<em>Nu, nu te pricepi, tu<\/em>&#34;, mi-a r\u0103spuns un editor care t\u0103ia, de fapt, ce voia el. Pe noi ne scotea din s\u0103rite, era munca noastr\u0103! &#34;<em>Dac\u0103 tu tai din poza mea, nu o mai semna cu numele meu, semneaz-o cu numele t\u0103u, pentru c\u0103 tu intervii grosolan pe fotografia mea!<\/em>&#34;. Asta era valoarea moral\u0103, c\u0103lcat\u0103 \u00een picioare, acordat\u0103 fotografiei. \u00cen ceea ce prive\u0219te valoarea pecuniar\u0103, era umilitoare! Ambele sunt umilitoare, dar cea financiar\u0103 era umilitoare la nivel de via\u021b\u0103, de supravie\u021buire!<\/p>\n<p>C\u00e2nd am intrat la &#34;Mediafax&#34;, se pl\u0103teau 2 euro un <em>download<\/em>, fotografului revenindu-i 75% din acei 2 euro, pentru un singur <em>download<\/em>. Pentru 1,25 euro, nici nu te dai jos din pat, cu at\u00e2t mai mult cu c\u00e2t toate cheltuielile aferente erau pe banii t\u0103i \u0219i cu aparatele tale. Numai biletul de tramvai costa&#8230; (r\u00e2s) \u00cen condi\u021biile astea, nu po\u021bi pretinde valoare \u0219i nici nu-\u021bi permi\u021bi repro\u0219uri, \u0219tiind c\u0103 o face prin eforturi proprii \u0219i aproape <em>pro bono<\/em>. Cu ce drept ceri o fotografie bun\u0103?! Fiind prost f\u0103cute, foarte multe fotografii nu erau publicate \u0219i m\u0103 g\u00e2ndeam la ei, s\u0103racii, spun\u00e2ndu-mi: &#34;<em>S-a dus p\u00e2n\u0103 acolo, a f\u0103cut o poz\u0103 proast\u0103 \u0219i nu intr\u0103<\/em>&#34;&#8230; \u00cenc\u0103 o dat\u0103, erau situa\u021bii umilitoare! Unii dintre ei aveau so\u021bie, copii, foarte mul\u021bi abandon\u00e2nd, \u00eenc\u0103 de tineri, constr\u00e2n\u0219i s\u0103 \u00ee\u0219i g\u0103seasc\u0103 ceva serios, de\u0219i fotografia de pres\u0103 este un lucru foarte serios (r\u00e2s), dar nu puteau tr\u0103i din ea. \u00cen timp ce \u00een Rom\u00e2nia fotografia este pl\u0103tit\u0103 \u00een halul \u00een care este pl\u0103tit\u0103, \u00een str\u0103in\u0103tate, pe o singur\u0103 imagine po\u021bi ob\u021bine \u0219i 300 euro. Pentru una singur\u0103! Nu mai vorbesc de salarii, \u00een sine&#8230; Sunt salarii din care po\u021bi tr\u0103i decent. Nu te \u00eembog\u0103\u021be\u0219ti, dar tr\u0103ie\u0219ti decent. \u00cen Rom\u00e2nia, salariile sunt umilitoare \u0219i la ora actual\u0103!<\/p>\n<p>Prin urmare, pre\u021bul nu \u021bine de criz\u0103. Situa\u021bia era aceea\u0219i \u0219i \u00eenainte. Sfera afectat\u0103 profund de criz\u0103 \u00eens\u0103, \u0219i nu doar \u00een fotografie, este printul. Printul a disp\u0103rut o dat\u0103 cu apari\u021bia crizei. Disp\u0103r\u00e2nd printul, redac\u021biile au fost decimate, transform\u00e2ndu-se \u00een redac\u021bii strict online. Din 50-100 de persoane, c\u00e2t avea \u00eenainte o redac\u021bie, acum 2-3 in\u0219i pot s\u0103 editeze o publica\u021bie online, cu poze mai mult sau mai pu\u021bin furate de pe net sau <em>download<\/em>-ate. Or asta&#8230; asta a durut! Pe planul \u0103sta a f\u0103cut criza ravagii. \u00cens\u0103 nu doar \u00een Rom\u00e2nia, ci peste tot \u00een lume, cu aceea\u0219i problem\u0103 confrunt\u00e2ndu-se to\u021bi fotografii, fotoreporterii.<\/p>\n<p>A mai ap\u0103rut o situa\u021bie care nu \u0219tiu dac\u0103 \u021bine, \u00een mod special, de criz\u0103: ardoarea de a vinde. Pentru a se vinde, mai nou, coper\u021bile con\u021bin, \u00een prioritate, fotografii de monden: sex, femei, covorul ro\u0219u, ceea ce dep\u0103\u0219e\u0219te clar sfera fotojurnalismului. Covorul ro\u0219u este o problem\u0103 peste tot \u00een lume! Fotografi celebri se vait\u0103 de aspectul \u0103sta. Chiar \u0219i la agen\u021bii, ponderea covorului ro\u0219u a devenit mult mai important\u0103, \u00een prezent. Nu \u0219tiu dac\u0103 este relativ la criz\u0103 sau s-a remarcat, probabil, c\u0103 publicul asta vrea.<\/p>\n<p>\u00cenainte erau patru subiecte majore: &#34;<em>if it bleeds it leads<\/em>&#34; (violen\u021ba), sexul, copiii \u0219i, <em>in fine<\/em>, animalele. Erau subiectele cel mai bine comercializate. Nu doar \u00een fotografie, ci \u0219i ca abordare, \u00een general. Acum primeaz\u0103, cred, covorul ro\u0219u sau scandalurile \u00eentre celebrit\u0103\u021bi. S-a impus mult tabloidul, \u00een ultima perioad\u0103.<\/p>\n<p><strong><em>&#45; Revenind pu\u021bin la zona pecuniar\u0103. P\u00e2n\u0103 la apari\u021bia crizei, a existat un moment de cre\u0219tere?<\/em><\/strong><\/p>\n<p>Nu. Sau nu am sesizat eu. Nimeni nu a sesizat, de altfel, salariile fiind, \u00een continuare, umilitoare&#8230;<\/p>\n<p>M\u0103 \u00eentreba acum dou\u0103 zile un taximetrist, care terminase ASE-ul: &#34;<em>Dac\u0103 a\u0219 vrea s\u0103 m\u0103 angajez \u00een pres\u0103, ce ar trebui s\u0103 fac?<\/em>&#34; &#34;<em>S\u0103 renun\u021bi!<\/em>&#34;, l-am sf\u0103tuit. &#34;<em>La ce s\u0103 renun\u021b?<\/em>&#34; &#34;<em>La idee! \u00cen pres\u0103 vei avea salariul de patru ori mai mic dec\u00e2t \u00eel ai ca taximetrist!<\/em>&#34;. Asta este evident, chiar \u0219i \u00een prezent. Salariul \u00een pres\u0103 a fost, \u00eentotdeauna, foarte mic. \u0218i nu cred c\u0103 doar la foto.<\/p>\n<p><strong><em>&#45; Spre deosebire de func\u021biile de management?<\/em><\/strong><\/p>\n<p>Da, spre deosebire de e\u0219aloanele superioare ale unei redac\u021bii dar \u0219i \u00een compara\u021bie cu multe alte domenii. Oric\u00e2t de bun ai fi fost, nu aveai cum s\u0103 \u00eei amenin\u021bi c\u0103 pleci, argumentul lor imuabil, folosit \u00een direct, \u00een fa\u021b\u0103, sfid\u0103tor, fiind: &#34;<em>Sunt o sut\u0103 de pu\u0219ti la coad\u0103 care abia a\u0219teapt\u0103 s\u0103 se angajeze.<\/em>&#34;. Din &#8217;90, se folosea acela\u0219i argument: carnea de tun.<\/p>\n<p><strong><em>&#45; Tendin\u021b\u0103&#8230;<\/em><\/strong><\/p>\n<p>Tinerii lucreaz\u0103 pe orice salariu. Eu am lucrat la \u00eenceput, 7 luni, f\u0103r\u0103 niciun salariu, \u00een probe. Or, sunt foarte mul\u021bi de genul \u0103sta, tineri pasiona\u021bi, care vin cu visele de rigoare, sper\u00e2nd s\u0103 ajung\u0103 departe. Revenind, \u0103sta este argumentul de care se servesc ei, spus \u00een fa\u021b\u0103, ceea ce este, iar\u0103\u0219i, umilitor, c\u00e2nd ai ani de experien\u021b\u0103 \u00een spate. Personal, nu mi s-a spus, dar cunosc o groaz\u0103 de persoane, cu experien\u021b\u0103, c\u0103rora li s-a zis! Dec\u00e2t s\u0103 te confrun\u021bi cu un asemenea argument, mai bine \u00ee\u021bi dai demisia, \u00eenainte de a ajunge la o astfel de discu\u021bie. E umilitoare \u0219i nu permi\u021bi oric\u0103rui incompetent s\u0103-\u021bi spun\u0103 astfel de abera\u021bii. Nu-i dai ocazia! Exist\u0103 c\u00e2teva meserii de voca\u021bie, cum este cea de preot, cea de medic, cea de militar, de pedagog, pe care nu le faci doar \u00een timpul efectiv de lucru. Sunt meserii \u00een care te dedici, cre\u00e2ndu-\u021bi un <em>lifestyle<\/em>. Din punctul meu de vedere, meseria de jurnalist este, de asemenea, o meseria de voca\u021bie, deci nu discu\u021bi \u00een felul, la nivelul \u0103sta.<br \/>\n<strong><br \/>\n<em>&#45; Bine, dar \u0219i prin natura meseriei. Nu e o meserie de 9-6.<\/em><\/strong><\/p>\n<p>Categoric! De aceea spun: nu discu\u021bi la nivelul &#34;<em>sunt o groaz\u0103 de pu\u0219ti afar\u0103&#8230;<\/em>&#34;, c\u0103ci pentru a construi un jurnalism valoric, pentru a atinge performan\u021be \u0219i a ob\u021bine premii care fac cinste, valorific\u0103 redac\u021bia, nu vorbe\u0219ti a\u0219a! Ar trebui s\u0103 realizezi ce \u00eenseamn\u0103 tot drumul p\u00e2n\u0103 acolo, cum ar trebui, de asemenea, s\u0103 \u0219tii c\u0103 dac\u0103 angajezi un debutant, trebuie consacra\u021bi cel pu\u021bin tot at\u00e2t de mul\u021bi ani pentru a ajunge la nivelul celor experimenta\u021bi. E o risip\u0103 de resurse umane, incontestabil, valorice.<br \/>\nUn exemplu recent ar fi cel al lui Tuc\u0103. Angaja\u021bii, ne mai primindu-\u0219i salariul de vreo 4 luni de zile, au dorit s\u0103 organizeze un protest.<\/p>\n<p><strong><em>&#45; Da, cred c\u0103 am \u0219i citit online.<\/em><\/strong><\/p>\n<p>Tuc\u0103 s-a dus \u0219i a \u00eentrebat: &#34;<em>Vre\u021bi s\u0103 face\u021bi protest?! Cine e liderul vostru?<\/em>&#34;, iar redactorul \u0219ef-adjunct a r\u0103spuns &#34;<em>Eu!<\/em>&#34; &#34;<em>Foarte bine, de m\u00e2ine nu mai vii! Mai vrea cineva?<\/em>&#34;. To\u021bi au t\u0103cut resemna\u021bi, c\u00e2nd, \u00een mod normal, ar fi trebuit s\u0103 zic\u0103, \u00een bloc: &#34;<em>Da, eu, eu \u0219i eu!<\/em>&#34; \u0219i s\u0103 plece. E o demonstra\u021bie de for\u021b\u0103, din punctul meu de vedere, mitoc\u0103neasc\u0103 \u0219i neproductiv\u0103. Mai mult dec\u00e2t at\u00e2t: cu o redac\u021bie \u00eentreag\u0103 de oameni nemul\u021bumi\u021bi, frustra\u021bi n-ai cum s\u0103 faci un ziar bun. N-ai cum! O s\u0103 \u00ee\u021bi apar\u0103 zilnic, dar o s\u0103 \u00ee\u021bi apar\u0103 un ziar care va deveni, \u00eencet, \u00eencet, o fi\u021buic\u0103. \u00cen condi\u021biile astea, nu po\u021bi pretinde calitate sau dedica\u021bie profesional\u0103&#8230;<\/p>\n<p><strong><em>&#45; Deci criza a accentuat tendin\u021ba de a suprima resursa uman\u0103.<\/em><\/strong><\/p>\n<p>Da.<\/p>\n<p><strong><em>&#45; \u00cen loc s\u0103 caute \u00een alte locuri, probabil.<\/em><\/strong><\/p>\n<p>Da, dar locurile sunt din ce \u00een ce mai pu\u021bine, pentru c\u0103 publica\u021biile au disp\u0103rut, pur \u0219i simplu. Nu mai ai unde s\u0103 te duci! Doar dac\u0103-\u021bi schimbi domeniul.<\/p>\n<p><strong><em>&#45; La nivel de publica\u021bie, de management, c\u0103 p\u00e2n\u0103 la urm\u0103 e o problem\u0103 de management de resurse umane, omul este resursa ta principal\u0103: el scrie, el aduce imagini, el genereaz\u0103 con\u021binut, nu?<\/em><\/strong><\/p>\n<p>Sigur, trebuie s\u0103 aib\u0103 grij\u0103! E ca un taximetrist care dac\u0103 nu-\u0219i \u00eengrije\u0219te ma\u0219ina, nu poate merge mai departe, nu poate continua&#8230; Or, ei ar trebui s\u0103 realizeze c\u0103 oamenii pe care \u00eei au, mai ales cei valorici, sunt oameni de care ar trebui s\u0103 trag\u0103 cu din\u021bii! Ar trebui s\u0103 se sperie c\u0103 pleac\u0103 de la ei, prefer\u00e2nd concuren\u021ba.<\/p>\n<p>Criza asta, mai mult sau mai pu\u021bin real\u0103 sau mai mult sau mai pu\u021bin creat\u0103, criza asta financiar\u0103 a generat, cum era \u0219i normal, o criz\u0103 moral\u0103. Care, sper, s\u0103 nu devin\u0103 acut\u0103.<\/p>\n<p><strong><em>&#45; \u00cen m\u0103sura \u00een care redac\u021biile s-au redus substan\u021bial, po\u021bi s\u0103 \u00eemi vorbe\u0219ti despre strategiile de supravie\u021buire, de reconversie, de adaptare, ce s-a \u00eent\u00e2mplat?<\/em><\/strong><\/p>\n<p>Marea majoritate a fotografilor s-a orientat spre studio. \u00cen diverse forme.<\/p>\n<p>De exemplu, Bogdan Dinc\u0103, un fotograf foarte bun, \u00eempreun\u0103 cu so\u021bia sa, care pornise ca un fotograf entuziast, bun, au f\u0103cut \u00eempreun\u0103 o afacere de familie care se cheam\u0103 &#34;Fotografie de familie&#34; \u0219i fotografie de copii. S-au specializat \u0219i fac minuni! Fotografii foarte frumoase!<\/p>\n<p>Mihai Barbu \u0219i Bogdan Baraghin au lansat studioul &#34;Photoliu&#34;. Fac minuni, \u0219i ei!<\/p>\n<p>Mul\u021bi s-au profilat pe nun\u021bi \u0219i botezuri, dar genul occidental, de reportaj-mariaj. Foarte frumoase! Personal, am respect pentru orice fel de fotografie, nu pot eu s\u0103 fac, nu prea \u00eemi place, dar dac\u0103 m-a\u0219 apuca, \u00eentr-adev\u0103r, a\u0219 face ni\u0219te minuni!<\/p>\n<p>To\u021bi \u00ee\u0219i propun serviciile pentru evenimente. Marea majoritate, av\u00e2nd experien\u021ba fotojurnalismului \u0219i neav\u00e2nd alegere, se orienteaz\u0103 spre afaceri independente, \u00eendep\u0103rt\u00e2ndu-se de fotojurnalism.<\/p>\n<p><strong><em>&#45; \u00cen zona fotografiei documentare, au \u00eenceput s\u0103 existe proiecte?<\/em><\/strong><\/p>\n<p>Cum face Petru\u021b.<\/p>\n<p><strong><em>&#45; Da, Petru\u021b. \u0218i am citit pe &#34;Thinking outside the box&#34; c\u0103 mai era&#8230;<\/em><\/strong><\/p>\n<p>Andrei Pungovschi, de asemenea, c\u00e2nd i se ive\u0219te ocazia.<\/p>\n<p><strong><em>&#45; Ioana C\u00eerlig \u0219i&#8230;<\/em><\/strong><\/p>\n<p>Ioana C\u00eerlig, da, \u0219i Marin Raica.<\/p>\n<p><strong><em>&#45; Da, da. Zona proiectelor personale a \u00eenceput s\u0103 se dezvolte&#8230;<\/em><\/strong><\/p>\n<p>Da, r\u0103m\u00e2n\u00e2nd, cumva, la nivel personal. Petru\u021b, de exemplu, care are nu doar talent, dar \u0219i o disciplin\u0103 aparte, ani de zile a trimis la &#34;Panos Pictures&#34;. &#34;Panos&#34; este o agen\u021bie foarte respectat\u0103, \u00een maniera &#34;Magnum&#34;, \u00een ceea ce prive\u0219te imaginea. Dup\u0103 ce i-au v\u0103zut lucr\u0103rile \u0219i tenacitatea, l-au cooptat ca membru. Mai ob\u021bine, deci, comenzi prin &#34;Panos&#34;. Mai mult dec\u00e2t at\u00e2t, proiectele lui personale, cum ar fi &#34;M\u00e2ndrie \u0219i Beton&#34; sau &#34;Marea Neagr\u0103&#34;, se duc tot la &#34;Panos&#34;. El le ofer\u0103, iar ei le arhiveaz\u0103, prezent\u00e2ndu-l ca membru, \u00een inten\u021bia de a-l vinde, evident. &#34;Panos&#34;, practic, \u00eel reprezint\u0103, astfel \u00eenc\u00e2t, demersul lui Petru\u021b nu este doar personal, fiind foarte bine publicat prin &#34;Panos&#34;.<\/p>\n<p>Ioana C\u00eerlig nu are, \u00eenc\u0103, aceea\u0219i expunerea. \u00cens\u0103 \u0219i Petru\u021b a avut un \u00eenceput. Finan\u021b\u0103rile ob\u021binute de Petru\u021b pentru realizarea fotoreportajele lui sunt oferite de organiza\u021bii str\u0103ine, care sprijin\u0103 jurnalismul independent, prin intermediul <em>grant<\/em>-urilor. Cu banii ob\u021binu\u021bi, \u00ee\u0219i realizeaz\u0103 fotoreportajele, av\u00e2nd, pe de o parte, resurse financiare suficiente pentru a tr\u0103i decent sau la limita decen\u021bei, fotografia fiindu-i, de asemenea, publicat\u0103, ceea ce este minunat! \u00cen plus, expune \u00een str\u0103in\u0103tate, este invitat la vernisajele expozi\u021biilor lui, totul dator\u00e2ndu-se, repet, nu doar talentului lui, dar \u0219i unei munci sus\u021binute \u0219i o disciplin\u0103 special\u0103. E un parcurs de succes, dar nu-i u\u0219or. Nu-i deloc u\u0219or!<\/p>\n<p>Ar putea fi o metod\u0103, dar, practic, metoda consist\u0103 \u00een ace\u0219ti trei termeni: talent, tenacitate, disciplin\u0103. Nu \u0219tiu dac\u0103 chiar \u00een ordinea asta (r\u00e2s), dar toate trei sunt importante! Exist\u0103 disciplina\u021bi care nu au at\u00e2t de mult talent, dar au succes. P\u00e2n\u0103 la urm\u0103, seriozitatea conteaz\u0103 foarte mult.<\/p>\n<p><strong><em>&#45; Bine, dar, de exemplu, modelul lui a \u00eenceput s\u0103 fie preluat \u0219i de al\u021bii.<\/em><\/strong><\/p>\n<p>Dac\u0103 nu m\u0103 \u00een\u0219el, Petru\u021b este singurul fotograf din Rom\u00e2nia reprezentat de o agen\u021bie de talia &#34;Panos&#34;. Evident, cu excep\u021bia fotografilor din agen\u021bii, dar ei nu sunt reprezenta\u021bi, ei sunt angaja\u021bi la agen\u021biile respective, fac parte din <em>staff<\/em>. Dar el nu este <em>staff<\/em>, \u00eentruc\u00e2t nu are salariu, e reprezentat de &#34;Panos&#34;.<\/p>\n<p>Sunt \u0219i al\u021bii buni ca, de exemplu, Cosmin Bumbu\u021b. Bumbu\u021b este foarte bun, dar nu este reprezentat, se descurc\u0103 pe cont propriu. E un alt mod de a se descurca, fiind respectat ca nume \u0219i dorit ca fotograf. Nu \u0219tiu \u00een ce m\u0103sur\u0103 negociaz\u0103 pre\u021burile, dar tr\u0103ie\u0219te, repet, decent.<\/p>\n<p><strong><em>&#45; Da, m\u0103 g\u00e2ndesc la zona de <em>freelancing<\/em>, dac\u0103 a \u00eenceput s\u0103 se dezvolte, \u00een condi\u021biile actuale&#8230;?<\/em><\/strong><\/p>\n<p>Multe persoane spun c\u0103 sunt <em>freelancer<\/em>. E o nou\u0103 form\u0103 de a spune &#34;n-am serviciu&#34; (r\u00e2s). Dar <em>freelancing<\/em> \u00eenseamn\u0103 a identifica un grup de clien\u021bi, lucrezi cu ei \u0219i, evident, treptat, \u00eencepi s\u0103 te dezvol\u021bi. Dac\u0103 ai trei clien\u021bi, trebuie s\u0103 \u00eel cau\u021bi \u0219i pe al patrulea, s\u0103 \u00ee\u021bi umpli timpul cu c\u00e2t mai multe comenzi. Dar, \u00een acela\u0219i timp, <em>freelancing<\/em>-ul, \u00een str\u0103in\u0103tate, \u00eenseamn\u0103 \u0219i o dispozi\u021bie moral\u0103 c\u0103tre un anumit tip de fotografie. Cum e cazul lui Petru\u021b, Andrei Pungovschi sau al meu, dar vreau s\u0103 vorbim mai pu\u021bin despre mine. La noi, freelancing-ul \u00eenseamn\u0103 &#34;<em>Fac orice! D\u0103-mi ceva de f\u0103cut \u0219i fac orice!<\/em>&#34;, ceea ce nu mai este <em>freelancing<\/em>, \u00een sensul ini\u021bial al cuv\u00e2ntului.<br \/>\n<em>Freelancing<\/em> \u00eenseamn\u0103 c\u0103 \u00ee\u021bi alegi tu ce consideri c\u0103 te reprezint\u0103, stabilindu-\u021bi o direc\u021bie pe care o urmezi strict, f\u0103r\u0103 compromisuri. Personal, niciun tip de fotografie nu \u00eemi pare compromis, dar \u00een Romania, \u00een marea majoritate a cazurilor, <em>freelancing<\/em> \u00eenseamn\u0103 &#34;<em>Fac orice, de la chilo\u021bi p\u00e2n\u0103 la&#8230; D\u0103-mi \u0219i ai s\u0103 fii mul\u021bumit!<\/em>&#34;.<\/p>\n<p><strong><em>&#45; Posibilitatea de a lucra.<\/em><\/strong><\/p>\n<p>Exact. Poate fi un stil de <em>freelancing<\/em>, dar \u00ee\u0219i pierde sensul ini\u021bial. A ajuns o form\u0103 de supravie\u021buire, f\u0103r\u0103 \u0219ef. De fapt, asta este \u00een realitate, de\u0219i, practic, fiecare client este \u0219ef, lupt\u00e2ndu-te, de multe ori, cu ochi de sticl\u0103. Clientul \u00ee\u021bi spune: &#34;<em>\u0162i-am dat banu&#8217;, mie asta-mi faci!<\/em>&#34;, tu \u00eencerc\u00e2nd s\u0103 \u00eei explici &#34;<em>Dar asta este o fotografie foarte frumoas\u0103&#8230;<\/em>&#34; Ce-i drept, \u00een cele din urm\u0103, e\u0219ti liber, de asemenea, s\u0103 renun\u021bi.<\/p>\n<p>Cam asta \u00eenseamn\u0103 <em>freelancing<\/em>. <em>Free<\/em>-ul de la \u00eenceput e iluzia libert\u0103\u021bii; pentru unii este o iluzie, pentru al\u021bii nu.<\/p>\n<p><strong><em>&#45; Mai e un aspect \u00een zona asta de <em>freelancing<\/em>: lucrul <em>pro bono<\/em>, o practic\u0103 mai mult sau mai pu\u021bin curent\u0103 acum.<\/em><\/strong><\/p>\n<p>Lucrul <em>pro bono<\/em>&#8230; Mi-e greu s\u0103-l numesc lucru, munc\u0103. \u00cel fac, de regul\u0103, cei care au un interes, un scop anume.<\/p>\n<p>Exemplu: cu 20 de ani \u00een urm\u0103, voiam s\u0103 schimb faian\u021ba \u00een baie. Mi-am \u00eentrebat un prieten care avea o firm\u0103 de construc\u021bii: &#34;<em>Cuno\u0219ti pe cineva, un meseria\u0219?<\/em>&#34; Mi-a raspuns: &#34;<em>Vrei s\u0103 angajezi?! Fii serios! Vorbesc eu cu oamenii mei, nu te cost\u0103 nimic, suntem prieteni!<\/em>&#34;. Din p\u0103cate, \u0219i-au b\u0103tut joc, eu fiind \u00een imposibilitatea de a-i apostrofa, pentru c\u0103 nu \u00eei pl\u0103team. De atunci, mi-am zis c\u0103 nu voi mai recurge niciodat\u0103 la servicii pe gratis! De aceea, pentru lucrul <em>pro bono<\/em>, realizat de debutan\u021bi, nu po\u021bi cere, pretinde calitate. Economise\u0219ti bani, dar realizezi \u00een final c\u0103, de fapt, n-ai f\u0103cut treaba pe care \u021bi-ai propus-o, rezultatul nefiind calitativ.<\/p>\n<p>M-au sunat c\u00e2ndva cei de la revista &#34;Foto&#34; din Oradea, spun\u00e2ndu-mi c\u0103 ar dori un interviu cu mine, ilustrat cu fotografiile mele, un material \u00eentre 12 \u0219i 20 de pagini. &#34;<em>V\u0103 va suna redactorul nostru, pentru c\u0103 suntem \u00een Oradea, \u0219i v\u0103 vom interviuva prin telefon. V\u0103 rog s\u0103 ne trimite\u021bi fotografiile.<\/em>&#34;. &#34;<em>Bun, dar n-am discutat despre bani<\/em>&#34;, am r\u0103spuns (r\u00e2s). &#34;<em>Ce bani?<\/em>&#34;, m-au \u00eentrebat. &#34;<em>Cum s\u0103 v\u0103 dau fotografiile, altfel?!<\/em>&#34; (r\u00e2s). &#34;<em>P\u0103i nu, noi consider\u0103m c\u0103 v\u0103 facem o favoare.<\/em>&#34;, mi-au r\u0103spuns. &#34;<em>Din favoarea asta pe care voi mi-o face\u021bi mie, voi c\u00e2\u0219tiga\u021bi bani, v\u0103 acoperi\u021bi 20 de pagini din revist\u0103, pe care o vinde\u021bi \u00een mai multe exemplare. C\u00e2t de decent\u0103 vi se pare propunerea dumneavoastr\u0103?<\/em>&#34;, &#34;<em>Eh, \u00een cazul \u0103sta o s\u0103 vorbim cu alt fotograf<\/em>&#34;, a fost reac\u021bia lor. &#34;<em>Foarte bine, vorbi\u021bi cu alt fotograf<\/em>.&#34; Ei cereau tot <em>pro bono<\/em>, principiu cu care eu nu sunt ferm de acord!<\/p>\n<p>\u00cen schimb, de exemplu, am fost contactat de ni\u0219te tipi care inten\u021bionau s\u0103 editeze un disc cu Johnny R\u0103ducanu. V\u0103zuser\u0103 ni\u0219te fotografii frumoase, realizate de mine, cu el \u0219i m-au contactat pentru coperta discului, \u00eentreb\u00e2ndu-m\u0103: &#34;<em>Spune\u021bi-ne c\u00e2t ne cost\u0103?<\/em>&#34; Le-am r\u0103spuns: &#34;<em>Fiind vorba de Johnny R\u0103ducanu, l-am cunoscut \u0219i ofer fotografia, f\u0103r\u0103 niciun fel de reticen\u021b\u0103.<\/em>&#34; N-a\u0219 numi gestul <em>pro bono<\/em>, pentru c\u0103, \u00een contextul expus, este vorba de respectul meu fa\u021b\u0103 de un mare artist. Sper din toat\u0103 inima ca persoanele respective s\u0103 nu considere gestul meu drept o metod\u0103 consacrat\u0103, spun\u00e2nd altor fotografi: &#34;<em>P\u0103i, stai, Mihai Vasile ne-o d\u0103 gratis \u0219i tu vrei bani?<\/em>&#34; Ar fi o t\u00e2mpenie! Sper c\u0103 au \u00een\u021beles gestul meu, strict afectiv. Le-am precizat, de altfel: &#34;<em>De regul\u0103 nu ofer gratis, dar fiind vorba de Johnny R\u0103ducanu, m-a\u0219 bucura s\u0103 fie fotografia mea pe copert\u0103, din respect pentru el<\/em>&#34;, cu at\u00e2t mai mult cu c\u00e2t \u00eei datorez ceva special.<\/p>\n<p><em>Pro bono<\/em> poate fi, de asemenea, considerat gestul generos al lui Andrei Pungovschi pentru spitalul din Bra\u0219ov. Ai posibilitatea, \u00eens\u0103, de a cere acordul pentru a folosi imaginile, nu \u00eempotriva spitalului sau a oamenilor din fotografii, ci pentru a comercializa un <em>story<\/em> frumos. <em>Pro bono<\/em>, de regul\u0103, trebuie s\u0103 fie propunerea ta, ca autor, nu s\u0103 \u021bi se impun\u0103. Dac\u0103 \u021bi se cere este nesim\u021bire, pe care, din principiu, personal, o resping.<\/p>\n<p><strong><em>&#45; Mai este \u0219i cazul revistei DoR, care a pornit ca o munc\u0103 voluntar\u0103, f\u0103cut\u0103 de to\u021bi.<\/em><\/strong><\/p>\n<p>Personal, nu sunt de acord. Sper ca Andrei Pungovschi, care lucreaz\u0103 <em>pro bono<\/em> \u00eenc\u0103 de la apari\u021bia revistei, s\u0103 ob\u021bin\u0103 o remunera\u021bie acum, altfel nu face dec\u00e2t s\u0103 \u00eencurajeze un principiu cu care nu numai c\u0103 nu sunt de acord, sunt \u00eempotriv\u0103, at\u00e2t eu c\u00e2t \u0219i el! \u00cel voi \u00eentreba dac\u0103 este, totu\u0219i, remunerat, \u00een prezent. A\u0219a ar fi normal, cu at\u00e2t mai mult cu c\u00e2t figureaz\u0103 \u00een caseta redac\u021bional\u0103. Personal, nu sunt de acord cu principii de genul \u0103sta, mai ales c\u0103 ei au v\u00e2ndut de la \u00eenceput. Trebuie s\u0103 ofere, m\u0103car un procent. &#34;<em>Uite, suntem la \u00eenceput, iei \u0219i tu 1%, iar, pe m\u0103sur\u0103 ce cre\u0219tem, cre\u0219tem \u0219i procentul.<\/em>&#34;. Nu \u0219tiu dac\u0103 au f\u0103cut-o&#8230;<\/p>\n<p>La fel a f\u0103cut Cosmin Bumbu\u021b cu &#34;Punctum&#34;, prevenindu-l de la \u00eenceput: &#34;<em>Dac\u0103 n-ai grij\u0103 de fotografii cu care lucrezi, \u00eei vei pierde!<\/em>&#34; \u0218i, num\u0103r dup\u0103 num\u0103r, avea din ce \u00een ce mai pu\u021bini fotografi profesioni\u0219ti, atr\u0103g\u00e2nd din ce \u00een ce mai mul\u021bi amatori pasiona\u021bi. De aceea s-a stins revista, c\u0103 nu \u0219i-a \u00eencurajat colaboratorii&#8230; Suntem, cu to\u021bii, prieteni cu Bumbu\u021b, ne-a solicitat, dar Petru\u021b a fost ferm de la bun \u00eenceput: &#34;<em>Dac\u0103 nu pl\u0103te\u0219ti, eu nu-\u021bi dau nimic.<\/em>&#34; E \u00eempotriva <em>status<\/em>-ului nostru, e \u00eempotriva noastr\u0103!<\/p>\n<p>Coperta primului num\u0103r a fost realizat\u0103 de Ikuru, con\u021bin\u00e2nd, de asemenea, un material semnat tot de Ikuru. Ikuru Kuwajima este un fotograf japonez, care a stat \u00een Rom\u00e2nia vreo 3 ani, un tip minunat \u0219i un fotograf foarte bun. I-a oferit 100 de euro. Pentru tot! Bumbu\u021b spunea: &#34;<em>N-am bani, nu pot pl\u0103ti&#8230;<\/em>&#34;. &#34;<em>Dac\u0103 n-ai, n-o faci!<\/em>&#34;. I-am zis de la bun \u00eenceput: &#34;<em>O s\u0103 vezi c\u0103 nu o s\u0103 \u021bin\u0103 mult<\/em>&#34;&#8230; \u0218i nu a \u021binut. Nu avea cum, dec\u00e2t regres\u00e2nd nivelul calitativ&#8230; Dar p\u00e2n\u0103 unde s\u0103-l mai cobori ?!<\/p>\n<p><strong><em>&#45; Strategia de a lucra <em>pro bono<\/em> poate fi o modalitate prin care un fotograf s\u0103 poat\u0103 g\u00e2ndi, elabora proiecte pe care s\u0103 le realizeze a\u0219a cum \u00ee\u0219i dore\u0219te, s\u0103 aib\u0103 mul\u021bumire pentru ce lucreaz\u0103, dac\u0103 altfel, \u00een alt\u0103 zon\u0103, \u00een pres\u0103, nu mai are posibilitatea?<\/em><\/strong><\/p>\n<p>Da, dar trebuie s\u0103 tr\u0103iasc\u0103 din ceva! Dac\u0103 lucreaz\u0103 <em>pro bono<\/em>, \u00eenseamn\u0103 c\u0103 are o alt\u0103 surs\u0103 de venit, iar dac\u0103 o are, este alegerea lui.<\/p>\n<p>Exist\u0103 \u0219i alte situa\u021bii. De exemplu, \u00eempreun\u0103 cu cei de la CRJI (n.red.: Centrul Rom\u00e2n pentru Jurnalism de Investiga\u021bie), am f\u0103cut o serie de reportaje, finan\u021bate de o asocia\u021bie din Olanda pentru \u00eencurajarea, sus\u021binerea jurnalismului independent. Ne-au finan\u021bat pentru realizarea unui reportaj despre traficul cu carne uman\u0103. Au participat jurnali\u0219ti din toat\u0103 Europa. Noi trebuia s\u0103 acoperim Ucraina, Moldova, Bulgaria, Grecia \u0219i Albania, pe subiectul: traficul de carne uman\u0103. L-am realizat. Primisem banii, bani de cheltuial\u0103 \u0219i de participare, ca un salariu. Condi\u021bia era, \u00eens\u0103, ca <em>story<\/em>-ul realizat s\u0103 fie editat \u00eentr-o publica\u021bie din Rom\u00e2nia. Prin urmare, l-am oferit gratis, \u00eentruc\u00e2t se \u00eenscria \u00een <em>job description<\/em>. A fost publicat \u00een &#34;Evenimentul zilei&#34;. Dar, de\u0219i cei de la &#34;Evenimentul&#34; l-au considerat <em>pro bono<\/em>, el nu era <em>pro bono<\/em>. Respecta strict condi\u021biile contractuale.<\/p>\n<p>\u00cen ceea prive\u0219te satisfac\u0163ia personal\u0103, <em>stricto sensu<\/em>, da, lucr\u0103rile pot fi oferite <em>pro bono<\/em>, dar e o situa\u0163ie rezervat\u0103 celor care \u00ee\u0219i permit s\u0103 o accepte. De exemplu, este la &#34;National Geographic&#34; un colaborator, fotograf pasionat, \u00eenst\u0103rit. Realizeaz\u0103 fotografii aeriene foarte frumoase. I s-au publicat vreo dou\u0103 <em>story<\/em>-uri, f\u0103r\u0103 preten\u0163ii financiare. El are din ce tr\u0103i! Nu numai c\u0103 e un <em>hobby<\/em> bine f\u0103cut, dar, \u00een plus, este publicat \u00een &#34;National Geographic&#34;. Pentru el este un <em>hobby<\/em> \u00eemplinit! Dar &#34;National Geographic&#34; nu va g\u0103si mul\u021bi ca el (r\u00e2s). Nu poate considera asta drept o modalitate de lucru consacrat\u0103, de\u0219i fac asta&#8230; Un alt exemplu de <em>pro bono<\/em>, \u00eentr-un context diferit.<\/p>\n<p><strong><em>&#45; Un ultim aspect. \u00cemi vorbeai de asocia\u021bia care a \u00eenceput \u0219i s-a oprit.<\/em><\/strong><\/p>\n<p>AFPR-ul?<\/p>\n<p><strong><em>&#45; Da. O alt\u0103 structur\u0103&#8230;<\/em><\/strong><\/p>\n<p>E \u00een <em>stand-by<\/em>.<\/p>\n<p><strong><em>&#45; Da, ok, e \u00een <em>stand-by<\/em>, dar nu func\u021bioneaz\u0103&#8230;<\/em><\/strong><\/p>\n<p>Da, nu func\u021bioneaz\u0103 practic. S-a \u00eenchis contabilitatea.<\/p>\n<p><strong><em>&#45; M\u0103 refer la ceea ce s-a \u00eent\u00e2mplat \u00een ultimii ani, \u00een privin\u021ba concedierilor. Nu exist\u0103 alt\u0103 structur\u0103 care ar putea s\u0103 func\u021bioneze ca un ap\u0103r\u0103tor al drepturilor profesioni\u0219tilor din pres\u0103? Nu neap\u0103rat din fotografie.<\/em><\/strong><\/p>\n<p>Exist\u0103 SZR (n.red.: Societatea Ziari\u0219tilor din Romania), UZR (n.red.: Uniunea Ziari\u0219tilor din Rom\u00e2nia), CRP (n.red.: Clubul Rom\u00e2n de Pres\u0103), dar nu se preocup\u0103 de partea foto.<br \/>\nEu vorbesc de asocia\u021bii de breasl\u0103, care ar trebui s\u0103 se ocupe \u0219i din punct de vedere juridic. Nu exist\u0103 o structur\u0103, din c\u00e2te \u0219tiu eu, care s\u0103 apere, juridic, drepturile ziari\u0219tilor. Mai este Asocia\u021bia Arti\u0219tilor Fotografi din Rom\u00e2nia, AAFR, care a introdus, de cur\u00e2nd, o sec\u021biune referitoare la fotografia de pres\u0103, dar care mai mult dec\u00e2t s\u0103 organizeze un concurs anual nu \u0219tiu s\u0103 fi f\u0103cut altceva.<\/p>\n<p>A\u0219a cum, de exemplu, nu exist\u0103 niciun precedent, nu s-a ocupat nimeni, niciodat\u0103 \u00een Rom\u00e2nia de <em>copyright<\/em>.<\/p>\n<p>A fost la un moment dat o tentativ\u0103, \u00een urma unui reportaj-anchet\u0103 publicat \u00een &#34;Cotidianul&#34;, despre fotografia de pres\u0103 din Rom\u00e2nia. Reportajul a fost publicat, cu <em>copy\/paste<\/em>, \u00een &#34;Hustler&#34; (r\u00e2s), f\u0103r\u0103 ca cineva s\u0103 fi fost \u00een\u0219tiin\u021bat! A fost scandal, to\u021bi fotografii hot\u0103r\u00e2ndu-se &#45; inclusiv Doru Bu\u0219cu, directorul editorial de la &#34;Cotidianul&#34; &#45; s\u0103 atace \u00een justi\u021bie &#34;Hustler&#34;, ceea ce ar fi fost foarte bine! Cu at\u00e2t mai mult cu c\u00e2t &#34;Hustler&#34; nu avea cu ce s\u0103 pl\u0103teasc\u0103.<\/p>\n<p>Mihai Barbu contactase avoca\u021bi dornici s\u0103 se implice, s\u0103 creeze precedentul, dar, \u00een cele din urm\u0103, s-a abandonat, paradoxal, din pricina fotografilor, sub motive c\u0103 nu aveau timp, c\u0103 nu erau \u00een \u021bar\u0103, c\u0103 nu puteau s\u0103 se ocupe&#8230; Mihai Barbu a tot tras de ei: &#34;<em>Hai, hai, hai s\u0103 facem!<\/em>&#34;, dar s-a stins de la sine. Ar fi fost oportunitea ideal\u0103 de a se crea un precedent puternic, de r\u0103sunet \u00een pres\u0103. &#34;<em>P\u0103cat!<\/em>&#34;, le-am spus. &#34;<em>Nu numai c\u0103 incidentul ar fi fost bine mediatizat, dar a\u021bi fi avut ocazia s\u0103 cere\u021bi daune morale.<\/em>&#34;. &#34;Hustler&#34; ar fi pl\u0103tit, erau \u00een culp\u0103! Era <em>copy\/paste<\/em> integral, fidel, o virgul\u0103 nu lipsea! Nu eram implicat, c\u0103ci dac\u0103 a\u0219 fi fost, a\u0219 fi tras eu de ei. Iar Mihai Barbu obosise, s\u0103rmanul&#8230; &#34;<em>Singur, singur, singur, p\u00e2n\u0103 c\u00e2nd&#8230; De unul singur, n-am cum&#8230;<\/em>&#34;, a spus \u00eentr-un final.<\/p>\n<p><strong><em>&#45; De ce nu se \u00eent\u00e2mpl\u0103 nimic, la nivel individual?!<\/em><\/strong><\/p>\n<p>Nu \u0219tiu&#8230; Exist\u0103 un departament pentru legea drepturilor de autor, dar &#8230;nu se \u00eent\u00e2mpl\u0103 nimic. Situa\u021bia este, probabil, similar\u0103 cu cea a protec\u021biei consumatorului. Noi, \u00een momentul c\u00e2nd cump\u0103r\u0103m o conserv\u0103 stricat\u0103, o arunc\u0103m, f\u0103r\u0103 a face reclama\u021bie, cum ar fi normal.<\/p>\n<p><strong><em>&#45; E un aspect relativ la cultur\u0103?<\/em><\/strong><\/p>\n<p>Da, \u0219i frica de procese, de costurile avoca\u021bilor.<\/p>\n<p>Avoca\u021bii cu care vorbise Mihai Barbu, de exemplu, nu doreau bani. Solicitau un procent din ceea ce se va ob\u021bine. Erau motiva\u021bi, se proiectau \u00een deznodam\u00e2ntul procesului.<\/p>\n<p>Am v\u0103zut, de cur\u00e2nd, la televizor, o emisiune despre medicamentele de pe pia\u021ba rom\u00e2neasc\u0103, fabricate de firme abilitate, medicamente care provoac\u0103 reac\u021bii secundare. S-a discutat \u00eendelung, un medic spun\u00e2nd: &#34;<em>\u00cen Europa de Vest, dac\u0103 un medicament provoac\u0103 reac\u021bii secundare, se face scandal. At\u00e2t produc\u0103torii, c\u00e2t \u0219i dealerii iau not\u0103, le retrag de pe pia\u021ba local\u0103, comercializ\u00e2du-le \u00een lumea a treia.<\/em>&#34;. Asta explic\u0103 prezen\u021ba pe pia\u021ba romaneasc\u0103 a medicamentelor de genul \u0103sta, la noi ne exist\u00e2nd reac\u021bii. Reac\u021bii secundare exist\u0103 (r\u00e2s), \u00eens\u0103 nu din partea consumatorilor. La fel \u0219i \u00een fotografie: oamenii se vait\u0103 pe bloguri sau pe Facebook \u0219i at\u00e2t.<\/p>\n<p><strong><em>&#45; Crezi c\u0103 exist\u0103 \u0219i o problem\u0103 de informare \u00een privin\u021ba drepturilor, interlocutorilor c\u0103rora te po\u021bi adresa&#8230;<\/em><\/strong><\/p>\n<p>Fotografii \u0219tiu. \u0218tiu cu siguran\u021b\u0103, nu este vorba de absen\u021b\u0103 informa\u021bional\u0103, ci de comoditate \u0219i resemnare.<\/p>\n<p>Resemnarea, \u00een general, e vizibil\u0103 \u0219i pe <em>site<\/em>-uri: pe <em>site<\/em>-urile fotografilor str\u0103ini, din anii 2000, fotografiile erau \u00een dimensiuni mici, c\u00e2t un pachet de \u021big\u0103ri. Acum, fotografiile se public\u0103 \u00een rezolu\u021bie mare, c\u0103ci de furat, oricum se fur\u0103. Au realizat c\u0103 trebuie m\u0103car s\u0103 fie vizibile. Un fotograf foarte haios, prezent\u00e2ndu-\u0219i imaginile, scria: &#34;<em>Dac\u0103 dori\u021bi s\u0103 v\u0103 acoperi\u021bi o cr\u0103p\u0103tur\u0103 pe perete, s\u0103 decora\u021bi frigiderul cu fotografiile mele sau s\u0103 le folosi\u021bi \u00een scopuri educative \u0219i nu comerciale, fi\u021bi liberi s\u0103 le downloada\u021bi la rezolu\u021bie maxim\u0103. Dac\u0103 le folosi\u021bi \u00een alte scopuri, v\u0103 rrrog!, contacta\u021bi-m\u0103!<\/em>&#34; S-a realizat c\u0103 nu se poate lupta \u00eempotriva furtului, furtul practic\u00e2ndu-se peste tot \u00een lume \u0219i \u00een toate domeniile. Iar dac\u0103 porne\u0219ti un proces \u00eempotriva furtului, trebuie s\u0103 fii perseverent. Oric\u00e2t de dur\u0103 ar fi legea, chiar \u0219i \u00een \u021b\u0103rile unde exist\u0103 pedeapsa cu moartea, infrac\u021biuni tot se \u00eent\u00e2mpl\u0103.<\/p>\n<p>Exist\u0103, \u00een schimb, \u00een str\u0103in\u0103tate, anumite instan\u021be specializate exclusiv pe monitorizare, contra cost, evident. Se constituie, de exemplu, baza cu numele fotografilor care trebuie proteja\u021bi \u0219i, \u00een momentul \u00een care organiza\u021bia mandatat\u0103 constat\u0103 o infrac\u021biune, ac\u021bioneaz\u0103 de la sine.<\/p>\n<p>Am, de exemplu, un prieten fotograf de produs, stabilit \u00een Germania. Este afiliat la o astfel de institu\u021bie, iar cei de acolo ac\u021bioneaz\u0103 \u00een caz de infrac\u021biune \u0219i \u00ee\u0219i iau banul. Nefiind fotografie de pres\u0103! El chiar \u00ee\u0219i dore\u0219te s\u0103 fie furat, c\u0103ci ar c\u00e2\u0219tiga \u00een urma procesului mai mult dec\u00e2t din v\u00e2nzarea fotografiei. A\u0219a ceva nu exist\u0103 \u00een Rom\u00e2nia. Tot \u00een Germania, Decebal B\u0103dil\u0103, unul dintre cei mai buni basi\u0219ti de jazz pe plan interna\u021bional, a editat, cu mult timp \u00een urm\u0103, un disc, intitulat &#34;<em>Nothing but bass<\/em>&#34;. Un produc\u0103tor i-a \u00eemprumutat un mixer, spun\u00e2ndu-i: &#34;<em>Decebal, f\u0103 ce vrei cu el.<\/em>&#34;. Decebal a \u00eenregistrat opt canale de chitar\u0103 bass. A ie\u0219it o minune de disc! \u00centr-o zi, \u00eel sun\u0103 un prieten s\u0103-l felicite, \u00een urma difuz\u0103rii discului s\u0103u, timp de o noapte \u00eentreag\u0103, pe postul de televiziune &#34;3Sat&#34;. Nu era la curent. Prin intermediul unei agen\u021bii de monitorizare, a ob\u021binut aproape 20.000 de m\u0103rci (nu era \u00eenc\u0103 euro), \u00een urma unei nop\u021bi de difuzare. \u00cen Rom\u00e2nia, de exemplu, PUB-urile care difuzeaz\u0103 muzic\u0103 ar trebui s\u0103 pl\u0103teasc\u0103 Uniunii compozitorilor un procent pentru dreptul de difuzare. \u00cen Romania nu exist\u0103 genul \u0103sta de monitorizare, iar tu, personal, nu po\u021bi supraveghea.<\/p>\n<p><strong><em>&#45; N-ai resurse&#8230;<\/em><\/strong><\/p>\n<p>Da, n-ai resurse \u00een sens de r\u0103bdare, timp \u0219i nici nu \u0219tii unde s\u0103 cau\u021bi. Am v\u0103zut fotografiile mele furate de la &#34;Vier Pfoten&#34; sau de pe &#34;Reuters&#34;, prin tot felul de ziare chineze\u0219ti, ciudate&#8230; Poate le-au cump\u0103rat de la &#34;Reuters&#34;, dar nu m-a\u0219 fi g\u00e2ndit niciodat\u0103 s\u0103 caut \u00een China. Mi se transmiteau pe Facebook mesaje: &#34;<em>Uite, ce am g\u0103sit!<\/em>&#34;, dar, personal, nu c\u0103utam.<\/p>\n<p>Furtul e o problem\u0103 \u0219i doare, cu at\u00e2t mai mult cu c\u00e2t \u00een meseria asta rar ai satisfac\u021bii. Argumentele sunt doar contra, satisfac\u021biile fiind minore. Ajungi la un stadiu c\u00e2nd \u00ee\u021bi dore\u0219ti s\u0103 abandonezi, spun\u00e2ndu-\u021bi: &#34;<em>Ce caut eu aici?!<\/em>&#34;&#8230; E o meserie frumoas\u0103, \u00eens\u0103, vorba lui Petru\u021b: &#34;<em>C\u00e2nd nu o s\u0103 mai mearg\u0103, nu \u0219tiu ce o s\u0103 fac, pentru c\u0103 eu altceva nu \u0219tiu s\u0103 fac! Nu \u0219tiu alt\u0103 meserie.<\/em>&#34; (r\u00e2s). Cam a\u0219a este pentru noi, to\u021bi. Continu\u0103m s\u0103 o facem, pentru c\u0103 altceva nu prea se ofer\u0103. Suntem ni\u0219te limita\u021bi (r\u00e2s). Glumesc, evident, dar chiar nu ai putea s\u0103 faci altceva mai bine, iar, \u00een mod normal, ar trebui s\u0103 faci ceea ce \u00ee\u021bi iese cel mai bine.<\/p>\n<p><strong><em>&#45; Trecerea ziarelor sau publica\u021biilor din print \u00een <em>online<\/em>, care se accentueaz\u0103 din ce \u00een ce mai clar, nu a schimbat cu nimic abordarea fotografiei, \u00een favoarea breslei?<\/em><\/strong><\/p>\n<p>Nu, invers! De exemplu, am plecat de la &#34;Mediafax&#34; pentru c\u0103, la un moment dat, mi s-a cerut: &#34;<em>Mihai, f\u0103 selec\u021biile mai largi. Nu le mai l\u0103sa doar pe cele bune&#8230;<\/em>&#34; &#34;<em>\u00cen cazul \u0103sta, ce nevoie mai ave\u021bi de mine?! Asta o po\u021bi face \u0219i tu! Eu sunt aici \u00een calitate de profesionist \u0219i nu pot \u00eencuraja, acum, o atitudine \u00eempotriva c\u0103reia m-am luptat ani de zile!<\/em>&#34;. Nu pot s\u0103-i spun lui Ro\u0219ca acum, dup\u0103 ce l-am \u00eenv\u0103\u021bat at\u00e2tea: &#34;<em>D\u0103-mi-o \u0219i pe aia proast\u0103<\/em>&#34;, c\u0103ci va r\u0103m\u00e2ne perplex (r\u00e2s). Mi-au explicat c\u0103 majoritatea clien\u021bilor actuali sunt pe suport <em>online<\/em>, fiind necesar s\u0103 actualizeze ilustra\u021bia unui articol, <em>in time<\/em>, din dou\u0103 \u00een dou\u0103 ore, pentru a conserva audien\u021ba. Prin urmare, pentru a alterna ilustra\u021biile dedicate unui subiect, erau necesare dou\u0103zeci de fotografii, \u0219i nu cele mai bune dou\u0103 fotografii.<\/p>\n<p><strong><em>&#45; Vorbim de publica\u021bii rom\u00e2ne\u0219ti?<\/em><\/strong><\/p>\n<p>Da.<\/p>\n<p><strong><em>&#45; Asta nu \u0219tiam.<\/em><\/strong><\/p>\n<p>Da, fac un <em>refresh<\/em> editorial, pentru a asigura audien\u021b\u0103 \u00een permanen\u021b\u0103, <em>click<\/em>-uri \u0219i trafic pe <em>site<\/em>. Dac\u0103 un cititor intr\u0103 acum, ei \u00eencearc\u0103 s\u0103-l determine s\u0103 revin\u0103 \u0219i peste dou\u0103 ore, pentru a vedea ce a mai ap\u0103rut. Au <em>follow-up<\/em> la <em>story<\/em>-uri, la \u0219tiri, schimb\u00e2nd, de asemenea, imaginile.<\/p>\n<p>Revenind la &#34;Mediafax&#34;, \u0103sta a fost argumentul lor, eu r\u0103spunz\u00e2nd: &#34;<em>Online-ul nu \u00een asta const\u0103: s\u0103 prezin\u021bi mult \u0219i prost.<\/em>&#34;. Probabil c\u0103 <em>online<\/em>-ul va discerne \u00een timp. Cred c\u0103 <em>online<\/em>-ul atrage nu doar prin abunden\u021ba informa\u021biei, ci \u0219i prin animarea, actualizarea informa\u021biei. Bombardamentul informativ este omniprezent, televizorul fiind prima surs\u0103 de informa\u021bie, pe sfera vizual\u0103. Procentual, foarte pu\u021bine persoane se conecteaz\u0103 pe net s\u0103 citeasc\u0103. Este o abordare: &#34;<em>dac\u0103 \u0103sta este momentul, ne adapt\u0103m momentului. Vedem noi mai t\u00e2rziu dac\u0103 se rafineaz\u0103<\/em>&#34;, g\u00e2ndesc ei, probabil. \u00cen plus, m\u0103 \u00eentreb c\u00e2t este de rentabil. Fotografiile <em>online<\/em> se v\u00e2nd mult mai ieftin dec\u00e2t cele la rezolu\u021bie&#8230; Ieftin&#8230; aproape gratis! Cred c\u0103 nici fotograful, s\u0103rmanul, nu c\u00e2\u0219tig\u0103 \u0219i nici ei. E un fel de <em>business<\/em> cu pic\u0103tura. Nu cunosc <em>marketing<\/em>-ul lor, dar eu nu \u00eemi mai vedeam locul, rostul acolo.<\/p>\n<p>De &#34;Mediafax&#34;, a fost o desp\u0103r\u021bire, mai mult sau mai pu\u021bin, de comun acord, iar mie \u00eemi era poft\u0103 s\u0103 fac poze! (r\u00e2s)<\/p>\n<p><strong><em>&#45; Am v\u0103zut pe &#34;Mediafax&#34;, de exemplu, c\u0103, \u00een afar\u0103 de sec\u021biunea de editorial, au introdus \u0219i sec\u021biunea de <em>Royalty Free<\/em>.<\/em><\/strong><\/p>\n<p>A, da? Nu \u0219tiu, nu m-am mai uitat de mult.<\/p>\n<p><strong><em>&#45; Fenomen pe care l-am observat \u0219i la agen\u021biile mari: &#34;Getty&#34; \u0219i &#34;Dreamstime&#34;, de exemplu. De fapt, la &#34;Dreamstime&#34; a fost invers. Au pornit de la <em>Royalty Free<\/em>, pentru proiecte comerciale, \u0219i au introdus apoi o sec\u021biune cu con\u021binut editorial.<\/em><\/strong><\/p>\n<p>Da, asta nu e r\u0103u. La &#34;Mediafax&#34;, \u00eempreun\u0103 cu Ovidiu Popa, am inten\u021bionat s\u0103 facem <em>Royalty Free<\/em>, spun\u00e2ndu-le tuturor &#34;<em>Dac\u0103 ave\u021bi \u0219i genul \u0103sta de imagini, trimite\u021bi!<\/em>&#34;. C\u00e2nd s-ar fi constituit o banc\u0103 mai solid\u0103, am fi publicat-o, dar nu prea s-au transmis fotografii. Mai ales c\u0103 pe aria de ilustra\u021bie, de <em>stock images<\/em>, calitatea trebuie s\u0103 fie excep\u021bional\u0103, primii clien\u021bi fiind revistele, care impun calitate. Or, la noi, \u00een privin\u021ba calit\u0103\u021bii tehnice, e mai dificil&#8230; Erau ni\u0219te tipi care transmiteau, la &#34;Mediafax&#34;, fotografie conceptual\u0103 \u0219i de studio, foarte bine f\u0103cut\u0103, la nivel standard, ideile fiind, de asemenea, bune, conceptuale. I-am c\u0103utat s\u0103 vorbesc cu ei, dar nu mai sunt.<\/p>\n<p>Alt exemplu: un prieten din Ia\u0219i, Andrei Nacu, un fotograf t\u00e2n\u0103r \u0219i talentat, a trimis, la un moment dat, la o agen\u021bia de <em>stock<\/em> din str\u0103in\u0103tate, o fotografie macro, cu ochiul iubitei lui. Acum trei ani, c\u00e2nd mi-a povestit, fotografia lui \u00eenregistrase desc\u0103rc\u0103ri \u00een valoare de 10.000 de euro. Sunt \u0219i milionari, premia\u021bi \u00een momentul \u00een care ating milionul de euro. Revenind la Andrei, a fost foarte, foarte bucuros c\u00e2nd Steve Jobs a prezentat unul dintre iPhone-urile sale, con\u021bin\u00e2nd fotografia lui pe <em>display<\/em>.<\/p>\n<p>Se poate c\u00e2\u0219tiga! Mihai Barbu \u0219i fratele lui trimit, de asemenea. Trebuie s\u0103 fii foarte creativ! Trei fotografii semnate de Ion Barbu, fratele lui Mihai, au avut mare succes, el fotografiind, de exemplu, doar o parte din tastatur\u0103, iar pe enter scria: &#34;<em>Add as a friend<\/em>&#34;. A avut succes! \u00cen contextul \u0103sta, po\u021bi modifica fotografia, dar trebuie s\u0103 fii creativ.<\/p>\n<p><strong><em>&#45; Da, dar e alt\u0103 zon\u0103.<\/em><\/strong><\/p>\n<p>Da, e alt\u0103 zon\u0103. \u0218i, sunt dou\u0103 aspecte foarte importante, pe l\u00e2ng\u0103 creativitate: calitatea tehnic\u0103 &#45; rezolu\u021bia trebuie s\u0103 fie foarte bun\u0103 &#45; \u0219i <em>model release<\/em>. Persoana din fotografie trebuie s\u0103 \u00ee\u0219i dea acordul pentru a fi fotografiat\u0103, \u00een orice context. E un pic mai complicat, de\u0219i, dac\u0103 e\u0219ti fotograf de studio \u0219i fotografiezi tipe sau model, po\u021bi \u00eentotdeauna s\u0103 \u00eentrebi: &#34;<em>Uite, facem asta, \u00ee\u021bi dai model release-ul?<\/em>&#34;. Cred c\u0103 multe persoane accept\u0103, conteaz\u0103 cum prezin\u021bi situa\u021bia. Chiar dac\u0103 persoana este cu spatele, sau chiar dac\u0103 fotografiezi numai ceafa, de exemplu, tot \u00ee\u021bi trebuie <em>model release<\/em>, pentru c\u0103 s-ar putea s\u0103 aib\u0103 semne particulare \u0219i s\u0103 fie identificat\u0103. Trebuie, deci, s\u0103 \u00ee\u0219i dea acordul. Chiar dac\u0103 fotografia este bun\u0103, prima \u00eentrebare a agen\u021biilor este: &#34;<em>Do you have a model release?<\/em>&#34;.<\/p>\n<p>\u00cen concluzie, e bine dac\u0103 &#34;Mediafax&#34; a deschis galeria. Nu are de ce s\u0103 le prind\u0103 r\u0103u, e o pia\u021b\u0103.<\/p>\n<p><strong><em>&#45; Da, e o diversificare a <em>business<\/em>-ului&#8230; dar nu mai este fotojurnalism.<\/em><\/strong><\/p>\n<p>Nu este, dar este doar o sec\u021biune suplimentar\u0103 pe <em>site<\/em>. Este un alt produs oferit, alt tip de imagine.<\/div>\n<p><em>23 aprilie 2013<\/em>.<\/p>\n","protected":false},"excerpt":{"rendered":"<p>Tranzi\u021bia spre digital \u0219i criza economic\u0103 Alexandra BARDAN, Facultatea de Jurnalism \u015fi \u015etiin\u0163ele Comunic\u0103rii, Universitatea Bucure\u015fti. &#45; Ast\u0103zi vom vorbi despre dou\u0103 momente care au marcat parcursul t\u0103u profesional: introducerea digitalului, la \u00eenceputul anilor 2000, al doilea moment fiind, recesiunea, criza economic\u0103, \u00eencep\u00e2nd cu 2008-2009. \u00cen Rom\u00e2nia, tranzi\u021bia spre digital a fost relativ tardiv\u0103, orice nou\u0103 tehnologie ajung\u00e2nd mai t\u00e2rziu la noi. \u00cenainte de introducerea digitalului, ne informam numai de pe net sau de la televizor, primele digitale fiind ni\u0219te [&hellip;]<\/p>\n","protected":false},"author":1,"featured_media":0,"parent":0,"menu_order":0,"comment_status":"closed","ping_status":"closed","template":"","meta":{"footnotes":""},"aioseo_notices":[],"_links":{"self":[{"href":"https:\/\/www.mihaivasile.com\/ro\/wp-json\/wp\/v2\/pages\/296"}],"collection":[{"href":"https:\/\/www.mihaivasile.com\/ro\/wp-json\/wp\/v2\/pages"}],"about":[{"href":"https:\/\/www.mihaivasile.com\/ro\/wp-json\/wp\/v2\/types\/page"}],"author":[{"embeddable":true,"href":"https:\/\/www.mihaivasile.com\/ro\/wp-json\/wp\/v2\/users\/1"}],"replies":[{"embeddable":true,"href":"https:\/\/www.mihaivasile.com\/ro\/wp-json\/wp\/v2\/comments?post=296"}],"version-history":[{"count":119,"href":"https:\/\/www.mihaivasile.com\/ro\/wp-json\/wp\/v2\/pages\/296\/revisions"}],"predecessor-version":[{"id":825,"href":"https:\/\/www.mihaivasile.com\/ro\/wp-json\/wp\/v2\/pages\/296\/revisions\/825"}],"wp:attachment":[{"href":"https:\/\/www.mihaivasile.com\/ro\/wp-json\/wp\/v2\/media?parent=296"}],"curies":[{"name":"wp","href":"https:\/\/api.w.org\/{rel}","templated":true}]}}