{"id":554,"date":"2016-04-10T19:51:03","date_gmt":"2016-04-10T18:51:03","guid":{"rendered":"http:\/\/www.mihaivasile.com\/ro\/?page_id=554"},"modified":"2016-04-15T06:53:08","modified_gmt":"2016-04-15T05:53:08","slug":"fotografia-de-presa-din-romania","status":"publish","type":"page","link":"https:\/\/www.mihaivasile.com\/ro\/fotografia-de-presa-din-romania\/","title":{"rendered":"Fotografia de pres\u0103 din Rom\u00e2nia"},"content":{"rendered":"<p><em><strong>Melania USTUROI, <\/strong><br \/>\nCentrul de Excelen\u0163\u0103 pentru Studiul Imaginii din cadrul Universit\u0103\u0163ii de Arhitectur\u0103 \u0219i Urbanism Ion MINCU.<\/em><\/p>\n<div id=\"diana-foto\">\n<div class=\"lightbox-shortcode lightbox-shortcode-right\" style=\"float:right; margin-left:20px;\"><a rel=\"prettyPhoto[group]\" title=\"Copyright: Diana IURKIEWICZ\" href=\"https:\/\/www.mihaivasile.com\/ro\/wp-content\/uploads\/2016\/04\/expozitie-fotografie-2008-3.jpg\"><span class=\"shortcode-lightbox-indicate\"><i class=\"icon-plus\"><\/i><\/span><img decoding=\"async\" src=\"https:\/\/www.mihaivasile.com\/ro\/wp-content\/uploads\/2016\/04\/expozitie-fotografie-2008.jpg\" class=\"is-lightbox \" alt=\"thumbnail\" \/><\/a><\/div>\n<\/div>\n<div class=\"aliniere-text\">\n<strong><em>&#45; Cum s-a schimbat fotografia de pres\u0103 dup\u0103 &#8217;89?<\/em><\/strong><\/p>\n<p>\u00cen perioada respectiv\u0103, nu era fotografie de pres\u0103. Fotografia de pres\u0103 trebuie s\u0103 fie critic\u0103. Pe vremea lui Ceau\u015fescu exista doar fotografie roz, nu era nimic critic, totul era &#34;frumos&#34;. Dac\u0103 te duceai s\u0103 faci fotografii \u00eentr-o fabric\u0103, to\u0163i muncitorii erau cura\u0163i, sp\u0103la\u0163i, z\u00e2mbind, munceau cu spor etc. Nu era fotografie de pres\u0103, era ilustra\u0163ie pentru un regim, era propagand\u0103.<\/p>\n<p><strong><em>&#45; Pe ce subiect se pune, \u00een prezent, accent la noi?<\/em><\/strong><\/p>\n<p>Pe spectacol. \u00cen presa sportiv\u0103, de exemplu, fotbalul nu mai este prezentat nici m\u0103car \u00een sens sportiv; subiectul este reprezentat de via\u0163a amoroas\u0103 a juc\u0103torilor etc. Nu mai este nimic din ceea ce \u00eenseamn\u0103 pres\u0103 sportiv\u0103. La fel \u015fi \u00een politic\u0103. Discursul \u00een pres\u0103 reflect\u0103 discursul politic. De fiecare dat\u0103 c\u00e2nd te ui\u0163i la \u015ftiri nu afli nimic nou, de zile, de luni \u00eentregi se reitereaz\u0103 acelea\u015fi subiecte. E ca un joc plictisitor, nu e nimic consistent sau informativ pentru public.<\/p>\n<p><strong><em>&#45; Exist\u0103 o diferen\u0163\u0103 de scop \u00eentre fotografie, \u00een general, \u015fi, \u00een mod specific, fotografia de pres\u0103?<\/em><\/strong><\/p>\n<p>S-a numit fotografie de pres\u0103, p\u00e2n\u0103 acum c\u00e2\u0163iva ani. \u00centre timp, presa a \u00eenceput s\u0103 utilizeze tot mai mult fotografiile de tip covor ro\u015fu, de tip paparazzi, de tip vedete etc. pentru c\u0103 se vinde, iar publicul asta dore\u015fte.<\/p>\n<p>Fotografii \u015fi agen\u0163iile interna\u0163ionale renumite au introdus un concept nou, care nu se mai define\u015fte ca fotografie de pres\u0103, ci fotografie documentar\u0103, ceea ce este mult mai aproape de ceea ce fac fotografii buni, \u00een prezent, \u00een presa de calitate.<\/p>\n<p><strong><em>&#45; Fotografia care apare \u00een presa intern\u0103 este fotografie de tip documentar?<\/em><\/strong><\/p>\n<p>Cea din expozi\u0163ii, da. \u00cen contextul \u0103sta, mi-e greu s\u0103 g\u0103sesc cuvinte bl\u00e2nde. Nu este vina fotografilor, este foarte greu s\u0103 dai vina pe fotografi, atunci c\u00e2nd nu exist\u0103 \u015fcoal\u0103 de fotografie. Un redactor-\u015fef care a terminat jurnalistica \u00een Rom\u00e2nia ar trebui s\u0103 \u015ftie ce \u00eenseamn\u0103 o fotografie de calitate. Dar, \u00een Romania, nu are cine s\u0103-i \u00eenve\u0163e.<\/p>\n<p><strong><em>&#45; Care este diferen\u0163a \u00eentre ce apare pe prima pagin\u0103 \u015fi un articol oarecare din ziar?<\/em><\/strong><\/p>\n<p>Diferen\u0163a este perceptibil\u0103 \u00een cadrul unei edit\u0103ri bune. Dac\u0103 ziarul beneficiaz\u0103 de o echip\u0103 editorial\u0103 foarte bun\u0103, profesionist\u0103, pe prima pagin\u0103 se public\u0103 ori fotografia care ilustreaz\u0103 cel mai important subiect ori cea mai puternic\u0103 fotografie de care dispune, \u00een momentul respectiv. \u00cen publica\u0163iile interna\u0163ionale, de exemplu, se face rabat de la cel mai important subiect, fiind promovat\u0103, pe pagina \u00eent\u00e2i, fotografia cea mai puternic\u0103 de care dispun la momentul respectiv, \u00een format mare, chiar dac\u0103 subiectul zilei, <em>headline<\/em>-ul, e cu totul altul. Asta define\u015fte un editor care \u015ftie s\u0103 valorizeze imaginea. \u00cen Rom\u00e2nia, prima pagin\u0103 se g\u00e2nde\u015fte \u00een termenii celui mai important subiect. \u00cen publica\u0163iile interna\u0163ionale, abordarea este diferit\u0103, b\u0103taia pentru prima pagin\u0103 fiind de tip valoric. Este foarte important\u0103 fotografia de pagina \u00eent\u00e2i.<\/p>\n<p><strong><em>&#45; Lipse\u015fte profesionalismul?<\/em><\/strong><\/p>\n<p>\u00cen editare, da. \u00cen fotografie sunt foarte mul\u0163i tineri talenta\u0163i, dar, \u00een Rom\u00e2nia, neexist\u00e2nd \u015fcoal\u0103 de fotografie, nu ajung profesioni\u015fti, \u00een sensul didactic al cuv\u00e2ntului. Sunt, \u00eens\u0103, foarte buni, sunt mai buni dec\u00e2t foarte mul\u0163i dintre editorii \u015fi redactorii-\u015fef de la ziare. Talentul lor e exploziv!<\/p>\n<p><strong><em>&#45; Mai important este textul sau imaginea?<\/em><\/strong><\/p>\n<p>Nu cred c\u0103 exist\u0103 o opozi\u0163ie \u00eentre imagine \u015fi text, e aberant, pentru c\u0103 imaginea \u015fi con\u0163inutul editorial conclucreaz\u0103 \u00een presa calitativ\u0103, nu se exclud reciproc.<\/p>\n<p>\u00cen cinematografie, de exemplu, un film realizat dup\u0103 o carte \u00eencearc\u0103 s\u0103 repun\u0103 literatura \u00eentr-o alt\u0103 form\u0103, vizual\u0103 \u015fi nu numai. \u00cen pres\u0103, textul \u015fi imaginea sunt \u00eempreun\u0103, constituie un ansamblu.<\/p>\n<p><strong><em>&#45; Exist\u0103 o viziune diferit\u0103 \u00eentre fotograf \u015fi editor privind fotografia?<\/em><\/strong><\/p>\n<p>Da, de aceea s-a \u015fi instituit meseria de editor. \u00cen Statele Unite, de exemplu, un material trece prin 14 v\u0103mi. Dup\u0103 faza de redactare de c\u0103tre reporter, \u00eel lectureaz\u0103 responsabilul departamentului &#45; care g\u00e2nde\u015fte &#34;la rece&#34; ce s-a scris &#45; fiind supervizat, ulterior, de un alt departament, unde se verific\u0103 toate informa\u0163iile din material. Acest mod de control al materialului este stabilit pentru a se evita subiectivismul. \u00cen pres\u0103, subiectvismul trebuie s\u0103 existe doar la nivel stilistic. \u00cen modul \u00een care abordezi un subiect, nu ai voie s\u0103 fii subiectiv. Personal, cred c\u0103 fotograful \u015fi fotografia nu trebuie s\u0103 propage mesaje, nu cred \u00een militantismul prin fotografie. <\/p>\n<p>Orice fotograf, inclusiv eu, c\u00e2nd merge pe teren pentru a face fotografii, este prins subiectiv, afectiv de scena la care asist\u0103. E vorba de modul \u00een care vibrezi la ceea ce se \u00eent\u00e2mpl\u0103 \u00een jurul t\u0103u. C\u00e2nd ar\u0103\u0163i cuiva fotografia pe care ai f\u0103cut-o acolo, persoana respectiv\u0103 nu are aceea\u015fi stare pe care ai avut-o tu \u00een momentul \u00een care ai surprins fotografia. Fotografiile de valoare sunt cele \u00een fa\u0163a c\u0103rora publicul are aproape aceea\u015fi senza\u0163ie pe care a avut-o fotograful, \u00een momentul respectiv. Editorii buni discern, aleg din imaginile primite doar pe cele care p\u0103streaz\u0103 impactul momentului sau \u00eenl\u0103tur\u0103 fotografiile care au valoare doar pentru fotograf.<\/p>\n<p><strong><em>&#45; Vorbea\u0163i de anumite trepte prin care trece un subiect. Care e importan\u0163a layot-ului \u00een impactul ziarului, al imaginii?<\/em><\/strong><\/p>\n<p>C\u00e2nd eram la &#34;Evenimentul zilei&#34; a venit la un moment dat o tip\u0103 \u00een Rom\u00e2nia, care era art director la &#34;Chicago Tribune&#34;, s\u0103 organizeze un fel de <em>workshop<\/em>-uri, s\u0103 \u00eemp\u0103rt\u0103\u015feasc\u0103 din experien\u0163a ei. N-am cum s\u0103 spun cum a fost la &#34;Evenimentul zilei&#34;, unde a fost \u00eenc\u00e2ntat\u0103 s\u0103 \u00eent\u00e2lneasc\u0103 o echip\u0103 foto foarte bun\u0103. \u00cen schimb era exasperat\u0103 c\u0103 nu se reflecta \u00een ziar. A\u015fa \u00eenc\u00e2t, s-a dus \u00eentr-o sear\u0103 la paginare, la \u00eenchiderea edi\u0163iei, s\u0103 reconstituie o pagin\u0103 de sport, care era deja f\u0103cut\u0103 pe calculator. Pagina ar\u0103ta \u00eengrozitor, ca orice pagin\u0103 rom\u00e2neasc\u0103 de ziar. S-a a\u015fezat, a scos afar\u0103 tot ce era \u00een pagin\u0103, reconstruind pagina de la zero. A ales imaginea cea mai bun\u0103, a pus-o mare \u00een pagin\u0103, c\u00e2t s\u0103 aib\u0103 for\u0163\u0103 vizual, \u015fi apoi a \u00eenceput s\u0103 se joace cu textele pe margine. A ie\u015fit o pagin\u0103 extraordinar\u0103, \u00eentr-un sfert de or\u0103. Pagina, ini\u0163ial, nu avea niciun impact, ar\u0103ta ca un almanah, subit devenind o pagin\u0103 de ziar, cu o fotografie <em>lead<\/em>, puternic\u0103. Din 6-7 fotografii bune, a ales o fotografie mare \u015fi o alta pentru a echilibra, vizual, pagina. Dup\u0103 10 minute, au schimbat pagina cum era ini\u0163ial \u015fi au dat-o la tipar.<\/p>\n<p>Eu am senza\u0163ia c\u0103 \u00een pres\u0103 sunt foarte mul\u0163i arti\u015fti, orgolii creative. Nu sunt rigori. \u00cen pres\u0103 trebuie s\u0103 existe o rigoare. Lucrurile merg spre bine, f\u0103r\u0103 discu\u0163ie, dar foarte lent.<\/p>\n<p><strong><em>&#45; Dac\u0103 nu te public\u0103 nimeni, cum ajungi s\u0103 fii cunoscut, cum reu\u015fe\u015fti prin for\u0163e proprii?<\/em><\/strong><\/p>\n<p>\u00cen principiu, un fotograf nu lupt\u0103, \u00een mod necesar, s\u0103 fie publicat, la ora actual\u0103 av\u00e2nd la dispozi\u0163ie canale media care-i permit s\u0103-\u015fi publice fotografiile pe un site, pe un blog, \u015fi cred c\u0103 prefer\u0103 modul \u0103sta de mediatizare dec\u00e2t un ziar prost care-i public\u0103 fotografia mutilat\u0103, taiat\u0103 sau \u00eentoars\u0103 \u00een oglind\u0103. Sunt foarte mul\u0163i fotografi buni care au ajuns s\u0103 tr\u0103iasc\u0103 din activit\u0103\u0163i paralele, cum ar fi fotografia de nunt\u0103. Un fotograf, \u00een str\u0103in\u0103tate, e pl\u0103tit cel pu\u0163in decent, \u00een Rom\u00e2nia, situa\u0163ia este, \u00eens\u0103, complet diferit\u0103. Nu numai c\u0103 nu ai unde s\u0103 \u00eenve\u0163i, dar chiar dac\u0103 \u0163i-ai \u00eensu\u015fit tehnica fotografic\u0103, eforturile sunt apoi de supravie\u0163uire. Nu exist\u0103 \u015fcoal\u0103, nu exist\u0103 criterii, \u015fi atunci toat\u0103 lumea crede c\u0103 se pricepe. Fotografia, \u00een presa rom\u00e2neasc\u0103, este \u00eenc\u0103 spa\u0163iu excedentar, este \u00eenc\u0103 ilustra\u0163ie. Odat\u0103 mi s-a cerut s\u0103 dau o fotografie care nu spune nimic. Sistemul de pres\u0103 din Rom\u00e2nia exclude fotografia nu din rea voin\u0163\u0103, ci pentru c\u0103 pur \u015fi simplu nu se \u015ftie mai mult.<\/p>\n<p><strong><em>&#45; \u00cen str\u0103in\u0103tate, presa a mai produs fotografii iconice. Exist\u0103 posibilitatea cre\u0103rii unor astfel de imagini &#45; care s\u0103 apeleze la un public universal &#45; \u00een Rom\u00e2nia?<\/em><\/strong><\/p>\n<p>Cum s\u0103 nu, exist\u0103 tineri extraordinari, \u00eei cunosc, am v\u0103zut imagini de genul \u0103sta. Ele nu sunt promovate, nu sunt v\u0103zute, dar exist\u0103! \u00cen prezent, este o criz\u0103 la nivel mondial \u00een ceea ce prive\u015fte fotografia de pres\u0103, pentru c\u0103 ziarele sunt din ce \u00een ce mai pu\u0163ine, iar cele care sunt prefer\u0103 s\u0103 foloseasc\u0103 imagini de tip celebrit\u0103\u0163i sau covorul ro\u015fu. Acum sunt, mai mul\u0163i ca niciodat\u0103, fotografi buni, peste tot \u00een lume. Extraordinari de mul\u0163i, buni \u015fi tineri, \u015fi nu au unde s\u0103 se exprime. Situa\u0163ia asta exist\u0103 de c\u00e2\u0163iva ani. Sunt fotografi foarte buni care fac prin eforturi proprii materiale \u015fi nu au unde s\u0103 le publice, n-au cum s\u0103 ob\u0163in\u0103 nici m\u0103car banii de cheltuial\u0103. Se va crea, probabil, o nou\u0103 form\u0103 de pia\u0163\u0103, un alt mod de a comercializa fotografia, pentru ca fotografii s\u0103 poat\u0103 tr\u0103i.<\/p>\n<p><strong><em>&#45; Ce fotografii sunt cump\u0103rate cel mai adesea de la agen\u0163iile de pres\u0103?<\/em><\/strong><\/p>\n<p>Sportul, se cump\u0103r\u0103 foarte mult. \u015ei nu doar \u00een Rom\u00e2nia, peste tot se cump\u0103r\u0103 sportul pentru c\u0103 se vinde bine. Dup\u0103 aceea, fotografiile politice, dar ilustrativ. \u00cen schimb, la noi nu exist\u0103 o ierarhie cum exist\u0103 \u00een str\u0103in\u0103tate. \u00cen publica\u0163iile straine, e o lege, &#34;<em>if it bleeds, it leads<\/em>&#34;. Dac\u0103 curge s\u00e2nge, dac\u0103 e r\u0103zboi, dac\u0103 e crim\u0103, dac\u0103 a murit cineva, subiectul se cump\u0103r\u0103 \u015fi iese pe pagina \u00eent\u00e2i. Prin urmare, fotografia de r\u0103zboi se vinde cel mai bine, sex, sport, copii \u015fi animale. \u00cen Rom\u00e2nia, nu se cump\u0103r\u0103 fotografii cu animale, nu se cump\u0103r\u0103 fotografii cu copii, nu se cump\u0103r\u0103 nici m\u0103car fotografii cu sport, cu sex, \u00eens\u0103, da. Intervine natura uman\u0103, aici.<\/p>\n<p><strong><em>&#45; Exist\u0103 criterii distincte \u00een alegerea fotografiilor pentru expozi\u0163ii sau albume, comparativ cu cele pentru ziar?<\/em><\/strong><\/p>\n<p>Sunt total diferite. Cu o aceea\u015fi mul\u0163ime de fotografii editezi \u00eentr-un anumit fel un site foto, un album foto, un <em>story<\/em> \u00eentr-o revist\u0103 sau o expozi\u0163ie foto \u015fi cu totul \u015fi cu totul diferit pagina \u00eent\u00e2i a unui ziar, din cele 300 de fotografii fiind necesar\u0103 doar una singur\u0103.<\/p>\n<p>Un album, de exemplu, va ar\u0103ta cu totul diferit dec\u00e2t o expozi\u0163ie de fotografie, pentru c\u0103 \u00een album ai spa\u0163iu, fiind un suport \u00een care po\u0163i ar\u0103ta subiectele u\u015for extinse sau \u00een detaliu. O fotografie de detaliu, de atmosfer\u0103, care poate intra \u00een album, \u00een cadrul unei expozi\u0163ii ar fi ne\u00een\u0163eleas\u0103, contextul fiind absent. La expozi\u0163ie, av\u00e2nd doar 50 de imagini, fiecare imagine este oarecum de sine st\u0103t\u0103toare, este un alt tip de editare. \u00cen album ve\u0163i g\u0103si fotografii mai frumoase poate dec\u00e2t cele de la expozi\u0163ie, fiind puse \u00een valoare diferit.<\/p>\n<p>Criteriile sunt \u00een func\u0163ie de finalitate, de scopul propus. \u00cen func\u0163ie de scop, edit\u0103rile se fac diferit.<\/p>\n<p><strong><em>&#45; Mai salveaz\u0103 expozi\u0163iile, albumele, reputa\u0163ia fotografiei de pres\u0103?<\/em><\/strong><\/p>\n<p>Albumele \u015fi expozi\u0163iile realizate \u00een perioada &#34;Evenimentul zilei&#34; reprezentau singurul mod \u00een care puteam s\u0103 ne exprim\u0103m, s\u0103 fim noi \u00een\u015fine. Fotografii se bucurau, evident, iar albumule au devenit un element de <em>Public Relations<\/em> pentru publica\u0163ie.<\/p>\n<p>\u00cen plus, sunt convins c\u0103 orice persoan\u0103 care vede expozi\u0163ia de pe gard (n. red.: expozi\u0163ia &#34;Mediafax&#34; 2008-2009, expus\u0103 pe gardul Muzeului de art\u0103 din Bucure\u015fti), c\u0103 este student, arhitect, pictor, inginer, b\u0103tr\u00e2n sau un tip cu 10 clase, o apreciaz\u0103. \u00cen raport cu publicul, nu este <em>Public Relations<\/em> c\u00e2t mai degrab\u0103 PA, <em>Public Address<\/em>.<\/p>\n<p>Dat fiind c\u0103 \u00een ultimii ani au ap\u0103rut telefoanele cu aparate foto integrate, pentru public fotografia a \u00eenceput s\u0103 fie mai la \u00eendem\u00e2n\u0103, mai accesibil\u0103, fotografia de pres\u0103 fiind, deci, mult mai bine \u00een\u0163eleas\u0103, apreciat\u0103.<\/p>\n<p>Un fotograf bun este acela care reuse\u015fte s\u0103 fac\u0103 viu un moment.<\/p>\n<p><strong><em>&#45; Cum arat\u0103 ideal fotografia de pres\u0103?<\/em><\/strong><\/p>\n<p>Nu exist\u0103 tipare. Personal, v\u0103z\u00e2nd foarte multe fotografii pe zi, am un reflex c\u00e2nd v\u0103d fotografii bune. \u00cen momentul acela, \u015ftiu c\u0103 \u00een poza aia e tot.<\/p>\n<p><em>13 iunie 2010.<\/em><\/p>\n<\/div>\n","protected":false},"excerpt":{"rendered":"<p>Melania USTUROI, Centrul de Excelen\u0163\u0103 pentru Studiul Imaginii din cadrul Universit\u0103\u0163ii de Arhitectur\u0103 \u0219i Urbanism Ion MINCU. &#45; Cum s-a schimbat fotografia de pres\u0103 dup\u0103 &#8217;89? \u00cen perioada respectiv\u0103, nu era fotografie de pres\u0103. Fotografia de pres\u0103 trebuie s\u0103 fie critic\u0103. Pe vremea lui Ceau\u015fescu exista doar fotografie roz, nu era nimic critic, totul era &#34;frumos&#34;. Dac\u0103 te duceai s\u0103 faci fotografii \u00eentr-o fabric\u0103, to\u0163i muncitorii erau cura\u0163i, sp\u0103la\u0163i, z\u00e2mbind, munceau cu spor etc. Nu era fotografie de pres\u0103, era [&hellip;]<\/p>\n","protected":false},"author":1,"featured_media":0,"parent":0,"menu_order":0,"comment_status":"closed","ping_status":"closed","template":"","meta":{"footnotes":""},"aioseo_notices":[],"_links":{"self":[{"href":"https:\/\/www.mihaivasile.com\/ro\/wp-json\/wp\/v2\/pages\/554"}],"collection":[{"href":"https:\/\/www.mihaivasile.com\/ro\/wp-json\/wp\/v2\/pages"}],"about":[{"href":"https:\/\/www.mihaivasile.com\/ro\/wp-json\/wp\/v2\/types\/page"}],"author":[{"embeddable":true,"href":"https:\/\/www.mihaivasile.com\/ro\/wp-json\/wp\/v2\/users\/1"}],"replies":[{"embeddable":true,"href":"https:\/\/www.mihaivasile.com\/ro\/wp-json\/wp\/v2\/comments?post=554"}],"version-history":[{"count":77,"href":"https:\/\/www.mihaivasile.com\/ro\/wp-json\/wp\/v2\/pages\/554\/revisions"}],"predecessor-version":[{"id":668,"href":"https:\/\/www.mihaivasile.com\/ro\/wp-json\/wp\/v2\/pages\/554\/revisions\/668"}],"wp:attachment":[{"href":"https:\/\/www.mihaivasile.com\/ro\/wp-json\/wp\/v2\/media?parent=554"}],"curies":[{"name":"wp","href":"https:\/\/api.w.org\/{rel}","templated":true}]}}